{"id":4054,"date":"2021-01-23T12:01:00","date_gmt":"2021-01-23T11:01:00","guid":{"rendered":"https:\/\/1001vertus.com\/?post_type=product&#038;p=4054"},"modified":"2023-09-05T13:19:32","modified_gmt":"2023-09-05T12:19:32","slug":"sabonete-de-leite-de-cabra-com-lima","status":"publish","type":"product","link":"https:\/\/1001vertus.com\/pt\/produit\/savon-au-lait-de-chevre-citron-vert\/","title":{"rendered":"SAB\u00c3O DE LEITE DE CABRA \"LIMA"},"content":{"rendered":"<p align=\"LEFT\"><span style=\"color: #000000;\"><span style=\"font-family: Arial, sans-serif;\"><span style=\"font-size: x-large;\"><b>Les bienfaits du lait de ch\u00e8vre\u00a0:<\/b><\/span><\/span><\/span><\/p>\n<p align=\"LEFT\"><span style=\"color: #000000;\"><span style=\"font-family: Arial, sans-serif;\"><span style=\"font-size: medium;\">Le lait de ch\u00e8vre est reconnu comme un <b>excellent r\u00e9g\u00e9n\u00e9rant cutan\u00e9<\/b> gr\u00e2ce \u00e0 son actif principal\u00a0: l\u2019acide caprylique. La finesse de ce lait lui procure de formidables propri\u00e9t\u00e9s hydratantes et un tr\u00e8s bonne affinit\u00e9 avec la peau.<\/span><\/span><\/span><\/p>\n<p align=\"LEFT\"><span style=\"font-family: Arial, sans-serif;\"><span style=\"font-size: medium;\"><span style=\"color: #000000;\">\u00c0 lui seul, il <\/span><b><span style=\"color: #000000;\">lutte contre le vieillissement cutan\u00e9<\/span><\/b><span style=\"color: #000000;\"> et donne une dose d\u2019 <\/span><b><span style=\"color: #000000;\">hidrata\u00e7\u00e3o m\u00e1xima <\/span><\/b><span style=\"color: #000000;\">aux peaux les plus\u00a0dess\u00e9ch\u00e9es. Tr\u00e8s utilis\u00e9 dans les pays nordiques, il est aussi bien connu des personnes dont la peau est r\u00e9active. Gr\u00e2ce \u00e0 ses <\/span><b><span style=\"color: #000000;\">propri\u00e9t\u00e9s adoucissantes<\/span><\/b><span style=\"color: #000000;\">, le lait de ch\u00e8vre est souverain pour <\/span><b><span style=\"color: #000000;\">soulager certains troubles cutan\u00e9s<\/span><\/b><span style=\"color: #000000;\"> de types dermatoses, ecz\u00e9mas ou psoriasis.<\/span><\/span><\/span><\/p>\n<h2 class=\"western\" align=\"LEFT\"><span style=\"color: #000000;\"><span style=\"font-family: Arial, sans-serif;\"><span style=\"font-size: x-large;\"><b>Qu\u2019est ce qu\u2019un savon saponifi\u00e9 \u00e0 froid ?<\/b><\/span><\/span><\/span><\/h2>\n<p><span style=\"font-family: Arial, sans-serif;\"><span style=\"font-size: medium;\">La<\/span><\/span><strong><span style=\"font-family: Arial, sans-serif;\"><span style=\"font-size: medium;\"> saponification \u00e0 froid<\/span><\/span><\/strong><span style=\"font-family: Arial, sans-serif;\"><span style=\"font-size: medium;\"> consiste \u00e0 fabriquer un savon en m\u00e9langeant, tout simplement, des h<\/span><\/span><strong><span style=\"font-family: Arial, sans-serif;\"><span style=\"font-size: medium;\">uiles v\u00e9g\u00e9tales<\/span><\/span><\/strong><span style=\"font-family: Arial, sans-serif;\"><span style=\"font-size: medium;\"> \u00e0 de la soude, et ce de <\/span><\/span><strong><span style=\"font-family: Arial, sans-serif;\"><span style=\"font-size: medium;\">fa\u00e7on artisanale et sans chauffer les huiles v\u00e9g\u00e9tales<\/span><\/span><\/strong><span style=\"font-family: Arial, sans-serif;\"><span style=\"font-size: medium;\"> que o comp\u00f5em.<\/span><\/span><\/p>\n<p><span style=\"font-family: Arial, sans-serif;\"><span style=\"font-size: medium;\">Mais ce proc\u00e9d\u00e9 de fabrication ancestrale est long et n\u00e9cessite au minimum 4 semaines de s\u00e9chage, aussi appel\u00e9 \u00ab\u00a0cure\u00a0\u00bb. A cause de ce d\u00e9lai, aucune grande marque ne fabrique ce type de savon car ce n\u2019est pas \u00ab\u00a0assez rentable\u00a0\u00bb. Les industriels vont donc acc\u00e9l\u00e9rer la r\u00e9action en chauffant : c\u2019est ce qu\u2019on appelle <\/span><\/span><strong><span style=\"font-family: Arial, sans-serif;\"><span style=\"font-size: medium;\">la saponification \u00e0 chaud.<\/span><\/span><\/strong><\/p>\n<p><span style=\"font-family: Arial, sans-serif;\"><span style=\"font-size: medium;\">De plus, les savons que l\u2019on trouve dans les grandes enseignes sont fabriqu\u00e9s \u00e0 partir de ce que l\u2019on appelle des \u00ab\u00a0<\/span><\/span><em><span style=\"font-family: Arial, sans-serif;\"><span style=\"font-size: medium;\">bondillons\u00a0\u00bb <\/span><\/span><\/em><span style=\"font-family: Arial, sans-serif;\"><span style=\"font-size: medium;\">= copeaux de savon industriel qui sont totalement inertes, contrairement aux huiles v\u00e9g\u00e9tales.<\/span><\/span><\/p>\n<p>&nbsp;<\/p>\n<h2 class=\"western\"><span style=\"font-family: Arial, sans-serif;\"><span style=\"font-size: x-large;\">Pourquoi un savon saponifi\u00e9 \u00e0 froid est comme un soin pour la peau ?<\/span><\/span><\/h2>\n<p><span style=\"font-family: Arial, sans-serif;\"><span style=\"font-size: medium;\">La saponification \u00e0 froid est la seule m\u00e9thode qui permet de conserver naturellement et de fa\u00e7on importante la<\/span><\/span> <strong><span style=\"font-family: Arial, sans-serif;\"><span style=\"font-size: medium;\">glyc\u00e9rine v\u00e9g\u00e9tale<\/span><\/span><\/strong><span style=\"font-family: Arial, sans-serif;\"><span style=\"font-size: medium;\">. Cette glyc\u00e9rine, connue pour ses propri\u00e9t\u00e9s<\/span><\/span><strong><span style=\"font-family: Arial, sans-serif;\"><span style=\"font-size: medium;\"> hydratante et \u00e9molliente<\/span><\/span><\/strong><span style=\"font-family: Arial, sans-serif;\"><span style=\"font-size: medium;\">, est b\u00e9n\u00e9fique pour la peau et contrebalance le c\u00f4t\u00e9 d\u00e9tergent du savon.<\/span><\/span><\/p>\n<p><span style=\"font-family: Arial, sans-serif;\"><span style=\"font-size: medium;\">Les huiles v\u00e9g\u00e9tales n\u2019\u00e9tant pas chauff\u00e9es au cours de la saponification \u00e0 froid, ne sont donc pas d\u00e9natur\u00e9es et le <\/span><\/span><strong><span style=\"font-family: Arial, sans-serif;\"><span style=\"font-size: medium;\">O sab\u00e3o conserva os benef\u00edcios dos \u00f3leos<\/span><\/span><\/strong><span style=\"font-family: Arial, sans-serif;\"><span style=\"font-size: medium;\">, surtout si celles-ci sont de qualit\u00e9s et biologiques.<\/span><\/span><span style=\"font-family: Arial, sans-serif;\"><span style=\"font-size: medium;\"><br \/>\nDe plus, au cours de la saponification, la partie insaponifiable des huiles v\u00e9g\u00e9tales (phytost\u00e9rols, polyph\u00e9nols, antioxydants, vitamines\u2026) n\u2019est pas transform\u00e9e et ces mol\u00e9cules se retrouvent int\u00e9gralement dans le savon. C\u2019est ce qu\u2019on appelle le surgras.<\/span><\/span><\/p>\n<p><span style=\"font-family: Arial, sans-serif;\"><span style=\"font-size: medium;\">Le savon est \u00e9galement qualifi\u00e9 de<\/span><\/span><strong><span style=\"font-family: Arial, sans-serif;\"><span style=\"font-size: medium;\"> surgras<\/span><\/span><\/strong><span style=\"font-family: Arial, sans-serif;\"><span style=\"font-size: medium;\"> si, une ou plusieurs huiles (ou beurres) v\u00e9g\u00e9tales vierges sont utilis\u00e9s volontairement en plus des ingr\u00e9dients n\u00e9cessaires et ne seront pas saponifi\u00e9es. Elles viennent alors compl\u00e9ter les propri\u00e9t\u00e9s du savon et agissent directement sur la peau.<\/span><\/span><\/p>\n<p><span style=\"font-family: Arial, sans-serif;\"><span style=\"font-size: medium;\">O resultado \u00e9 <\/span><\/span><span style=\"font-family: Arial, sans-serif;\"><span style=\"font-size: medium;\">a <\/span><\/span><strong><span style=\"font-family: Arial, sans-serif;\"><span style=\"font-size: medium;\">sab\u00e3o natural suave e nutritivo<\/span><\/span><\/strong><span style=\"font-family: Arial, sans-serif;\"><span style=\"font-size: medium;\">, \u00e0 la formule respectueuse du<\/span><\/span><strong><span style=\"font-family: Arial, sans-serif;\"><span style=\"font-size: medium;\"> pel\u00edcula hidrolip\u00eddica<\/span><\/span><\/strong><span style=\"font-family: Arial, sans-serif;\"><span style=\"font-size: medium;\"> de la peau, mais aussi de l\u2019environnement.<br \/>\nCompos\u00e9 de<\/span><\/span><strong><span style=\"font-family: Arial, sans-serif;\"><span style=\"font-size: medium;\"> glyc\u00e9rine, de lipides (acides gras) et de mol\u00e9cules insaponifiables, le savon saponifi\u00e9 \u00e0 froid et surgras <\/span><\/span><\/strong><span style=\"font-family: Arial, sans-serif;\"><span style=\"font-size: medium;\">s<\/span><\/span><span style=\"font-family: Arial, sans-serif;\"><span style=\"font-size: medium;\">\u2019apparentent donc \u00e0 un <\/span><\/span><strong><span style=\"font-family: Arial, sans-serif;\"><span style=\"font-size: medium;\">v\u00e9ritable soin pour la peau<\/span><\/span><\/strong><span style=\"font-family: Arial, sans-serif;\"><span style=\"font-size: medium;\">.<\/span><\/span><\/p>\n<p>&nbsp;<\/p>\n<h2 class=\"western\" align=\"LEFT\"><span style=\"color: #000000;\"><span style=\"font-family: Arial, sans-serif;\"><span style=\"font-size: x-large;\"><b>Quais s\u00e3o os benef\u00edcios do sab\u00e3o supergordo?<\/b><\/span><\/span><\/span><\/h2>\n<p><span style=\"font-family: Arial, sans-serif;\"><span style=\"font-size: medium;\">L\u2019objectif principal de la peau est d\u2019assurer une barri\u00e8re protectrice \u00e0 toutes les agressions ext\u00e9rieures qu\u2019elle peut subir. Par agressions ext\u00e9rieures on entend les microbes ou encore les bact\u00e9ries. Cette protection est rendue possible par le film hydrolipidique, un film naturel compos\u00e9 notamment \u00e0 partir de s\u00e9bum et d&rsquo;eau. Sans ce film, notre peau perd ainsi ses d\u00e9fenses naturelles.<\/span><\/span><\/p>\n<p><span style=\"font-family: Arial, sans-serif;\"><span style=\"font-size: medium;\">Ce film hydrolipidique permet \u00e9galement d\u2019emp\u00eacher la d\u00e9shydratation de la peau par l&rsquo;\u00e9vaporation de l&rsquo;eau qu\u2019elle contient. Il est donc essentiel. <\/span><\/span><\/p>\n<p><span style=\"font-family: Arial, sans-serif;\"><span style=\"font-size: medium;\">N\u00e9anmoins, notre mode de vie et de consommation peuvent avoir un impact sur ce film hydrolipidique : se laver avec une eau tr\u00e8s calcaire peut l\u2019ab\u00eemer. De m\u00eame que l\u2019utilisation de certains produits de soin (gel douche, produits gommants, produits m\u00e9nagers pour les mains, etc.). Sans ce film hydrolipidique, la peau se d\u00e9shydrate et devient plus s\u00e8che.\u200b<\/span><\/span><\/p>\n<p><span style=\"font-family: Arial, sans-serif;\"><span style=\"font-size: medium;\">L\u2019utilisation d\u2019un savon surgras va permettre de restaurer un film protecteur sur la peau et ainsi \u00e9viter sa d\u00e9shydratation. Cela est rendu possible par les agents surgraissants contenus dans le savon surgras. Vous pouvez\u00a0ainsi vous laver avec un savon surgras sans dess\u00e9cher votre peau.<\/span><\/span><\/p>\n<p>\u200b<span style=\"font-family: Arial, sans-serif;\"><span style=\"font-size: medium;\">Si vous avez des d\u00e9mangeaisons, voire des tiraillements, c&rsquo;est parce que vous avez une peau extr\u00eamement s\u00e8che. Ainsi, si vous avez une peau atopique avec de l&rsquo;ecz\u00e9ma par exemple, il est fortement recommand\u00e9 d&rsquo;utilis\u00e9 un savon surgras pour soulager la peau.<\/span><\/span><\/p>\n<p>\u200b\u200b<span style=\"font-family: Arial, sans-serif;\"><span style=\"font-size: medium;\">O sab\u00e3o sobre-gorduroso permite assim <b>d\u2019\u00e9viter la d\u00e9shydratation mais aussi les d\u00e9mangeaisons de peau.<\/b><\/span><\/span><\/p>\n<p>&nbsp;<\/p>\n<p><span style=\"font-family: Arial, sans-serif;\"><span style=\"font-size: x-large;\"><b>Pour quels types de peau ce savon au lait de ch\u00e8vre doit-il \u00eatre utilis\u00e9 ?<\/b><\/span><\/span><\/p>\n<ul>\n<li><span style=\"font-family: Arial, sans-serif;\"><span style=\"font-size: medium;\"><b>pour les peaux s\u00e8ches et sensibles<\/b>para<b> <\/b>emp\u00eacher la d\u00e9shydratation de la peau,<\/span><\/span><\/li>\n<\/ul>\n<ul>\n<li><span style=\"font-family: Arial, sans-serif;\"><span style=\"font-size: medium;\"><b>para pele normal<\/b>A pele fica perfeitamente hidratada,<\/span><\/span><\/li>\n<\/ul>\n<ul>\n<li><span style=\"font-family: Arial, sans-serif;\"><span style=\"font-size: medium;\"><b>pour les b\u00e9b\u00e9s<\/b>, vu qu\u2019il<b> <\/b>hydrate en profondeur la peau, il est peut \u00eatre id\u00e9al pour laver les b\u00e9b\u00e9s et les jeunes enfants.\u00a0<\/span><\/span><\/li>\n<\/ul>\n<p><span style=\"font-family: Arial, sans-serif;\"><span style=\"font-size: medium;\">Attention toutefois \u00e0 ne pas utiliser le savon surgras chez un adolescent qui est en pleine crise d&rsquo;acn\u00e9. Sa peau est en effet tr\u00e8s riche en s\u00e9bum, son utilisation ne ferait qu&rsquo;aggraver les choses.<\/span><\/span><\/p>\n<p>&nbsp;<\/p>\n<p><strong><u>Ingr\u00e9dients INCI :<\/u><\/strong> Sodium Olivate* (olive), Sodium Cocoate* (coconut\/coco), Caprae Lac(goat milk\/lait ch\u00e8vre), Glycerin, Sodium Shea Butterate* (shea\/karit\u00e9), Sodium Sunflowerseedate* (sunflower\/tournesol), Sodium Hempseedate* (hemp\/chanvre), Aqua (water\/eau), Sodium Cocoa Butterate* (cocoa\/cacao), Parfum (fragrance), Malva Sylvestris Flower Extract* (mallow\/mauve), Citrus Reticulata Fruit Extract* (mandarin\/mandarine),Citrus Aurantifolia Fruit Extract* (lime\/citron vert), CI 77288 (natural dye\/colorant naturel), Citral, Citronellol, Geraniol, Limonene, Linalool.<\/p>\n<p>*ingr\u00e9dients issus de l\u2019agriculture biologique<\/p>\n<p>Fabrication fran\u00e7aise.<\/p>\n<p>&nbsp;<\/p>\n<p><strong><u>Peso :<\/u><\/strong> 100g<\/p>","protected":false},"excerpt":{"rendered":"<p align=\"LEFT\"><span style=\"color: #000000;\"><span style=\"font-family: Arial, sans-serif;\"><span style=\"font-size: medium;\">Este sab\u00e3o \u00e9 <b>saponifi\u00e9 \u00e0 froid <\/b>e \u00e9 <b>100\u00a0% naturel<\/b>.<\/span><\/span><\/span><\/p>\n<p align=\"LEFT\"><span style=\"color: #000000;\"><span style=\"font-family: Arial, sans-serif;\"><span style=\"font-size: medium;\">Il contient\u00a0:<\/span><\/span><\/span><\/p>\n<p align=\"LEFT\"><span style=\"color: #000000;\"><span style=\"font-family: Arial, sans-serif;\"><span style=\"font-size: medium;\">- <b>10% de lait de ch\u00e8vre EXTRA-FRAIS <\/b>(et non du lait de ch\u00e8vre en poudre), <\/span><\/span><\/span><\/p>\n<p align=\"LEFT\"><span style=\"color: #000000;\"><span style=\"font-family: Arial, sans-serif;\"><span style=\"font-size: medium;\">- <b>7%\u00a0SURGRAS, <\/b>para uma hidrata\u00e7\u00e3o intensa (muito mais do que a maioria dos sabonetes),<\/span><\/span><\/span><\/p>\n<p align=\"LEFT\"><span style=\"color: #000000;\"><span style=\"font-family: Arial, sans-serif;\"><span style=\"font-size: medium;\">-<b> 80% minimum d\u2019ingr\u00e9dients BIOLOGIQUES,<\/b> <\/span><\/span><\/span><\/p>\n<p align=\"LEFT\"><span style=\"color: #000000;\"><span style=\"font-family: Arial, sans-serif;\"><span style=\"font-size: medium;\">- <b>100% Fragr\u00e2ncias NATURAIS<\/b> da cidade de Grasse.<\/span><\/span><\/span><\/p>\n<p align=\"LEFT\"><span style=\"color: #000000;\"><span style=\"font-family: Arial, sans-serif;\"><span style=\"font-size: medium;\">D\u00e9couvrez ce savon au parfum frais et aux notes de tarte au citrons.<br \/>\n<\/span><\/span><\/span><\/p>\n<p>&nbsp;<\/p>\n<p align=\"LEFT\"><span style=\"color: #000000;\"><span style=\"font-family: Arial, sans-serif;\"><span style=\"font-size: medium;\">\u00a0<\/span><\/span><\/span><\/p>","protected":false},"featured_media":4147,"template":"","meta":[],"product_brand":[],"product_cat":[27,55,78],"product_tag":[],"class_list":{"0":"post-4054","1":"product","2":"type-product","3":"status-publish","4":"has-post-thumbnail","6":"product_cat-bien-etre","7":"product_cat-savon","8":"product_cat-savon-au-lait-de-chevre","10":"first","11":"outofstock","12":"shipping-taxable","13":"purchasable","14":"product-type-simple"},"_links":{"self":[{"href":"https:\/\/1001vertus.com\/pt\/wp-json\/wp\/v2\/product\/4054","targetHints":{"allow":["GET"]}}],"collection":[{"href":"https:\/\/1001vertus.com\/pt\/wp-json\/wp\/v2\/product"}],"about":[{"href":"https:\/\/1001vertus.com\/pt\/wp-json\/wp\/v2\/types\/product"}],"wp:featuredmedia":[{"embeddable":true,"href":"https:\/\/1001vertus.com\/pt\/wp-json\/wp\/v2\/media\/4147"}],"wp:attachment":[{"href":"https:\/\/1001vertus.com\/pt\/wp-json\/wp\/v2\/media?parent=4054"}],"wp:term":[{"taxonomy":"product_brand","embeddable":true,"href":"https:\/\/1001vertus.com\/pt\/wp-json\/wp\/v2\/product_brand?post=4054"},{"taxonomy":"product_cat","embeddable":true,"href":"https:\/\/1001vertus.com\/pt\/wp-json\/wp\/v2\/product_cat?post=4054"},{"taxonomy":"product_tag","embeddable":true,"href":"https:\/\/1001vertus.com\/pt\/wp-json\/wp\/v2\/product_tag?post=4054"}],"curies":[{"name":"wp","href":"https:\/\/api.w.org\/{rel}","templated":true}]}}