{"id":2537,"date":"2020-03-21T09:14:45","date_gmt":"2020-03-21T08:14:45","guid":{"rendered":"https:\/\/1001vertus.com\/?post_type=product&#038;p=2537"},"modified":"2024-02-21T10:51:12","modified_gmt":"2024-02-21T09:51:12","slug":"leite-de-camelo-liquido-uht-1001-vertus","status":"publish","type":"product","link":"https:\/\/1001vertus.com\/pt\/produit\/lait-de-chamelle-liquide-uht-1001-vertus\/","title":{"rendered":"Leite de camelo l\u00edquido UHT - Cameliane"},"content":{"rendered":"<p class=\"western\" align=\"justify\"><span style=\"font-family: Arial, sans-serif;\"><span style=\"font-size: medium;\">Consumido h\u00e1 milhares de anos no M\u00e9dio Oriente, em \u00c1frica e na \u00c1sia, as qualidades extraordin\u00e1rias do leite de camelo permitiram a muitas tribos sobreviver durante v\u00e1rias semanas em condi\u00e7\u00f5es extremas. Foi declarado um \u00absuperalimento\u00bb pela FAO (<\/span><\/span><span style=\"font-family: Arial, sans-serif;\"><span style=\"font-size: medium;\"><i>Administra\u00e7\u00e3o de Alimentos e Agricultura<\/i><\/span><\/span><span style=\"font-family: Arial, sans-serif;\"><span style=\"font-size: medium;\">Organiza\u00e7\u00e3o das Na\u00e7\u00f5es Unidas para a Alimenta\u00e7\u00e3o e a Agricultura).<\/span><\/span><\/p>\n<p class=\"western\" align=\"justify\"><span style=\"font-family: Arial, sans-serif;\"><span style=\"font-size: medium;\">Diz-se que o leite de camelo \u00e9 o que tem a composi\u00e7\u00e3o mais pr\u00f3xima do leite materno e que satisfaz perfeitamente as necessidades nutricionais humanas. <\/span><\/span><\/p>\n<p class=\"western\" align=\"justify\"><span style=\"font-family: Arial, sans-serif;\"><span style=\"font-size: medium;\">Al\u00e9m disso, de acordo com um <\/span><\/span><span style=\"font-family: Arial, sans-serif;\"><span style=\"font-size: medium;\"><i>Grupo Mundial de Alergia<\/i><\/span><\/span><span style=\"font-family: Arial, sans-serif;\"><span style=\"font-size: medium;\">, Os investigadores provaram que o leite de camelo \u00e9 o segundo leite menos alerg\u00e9nico a seguir ao leite humano!<\/span><\/span><\/p>\n<p class=\"western\" align=\"justify\"><span style=\"font-family: Arial, sans-serif;\"><span style=\"font-size: medium;\">O l\u00edquido de Cameliane tem um sabor naturalmente delicioso que \u00e9 preservado gra\u00e7as a um tratamento UHT, o seu sabor ligeiramente salgado \u00e9 carater\u00edstico do leite de camelo gordo, permanece untuoso e altamente diger\u00edvel, e a sua efic\u00e1cia \u00e9 not\u00e1vel. <\/span><\/span><\/p>\n<p class=\"western\" align=\"justify\"><span style=\"font-family: Arial, sans-serif;\"><span style=\"font-size: medium;\">O leite pode ser aquecido e consumido quente. Tamb\u00e9m pode ser misturado com outros alimentos.<\/span><\/span><\/p>\n<h2 class=\"western\" align=\"justify\"><span style=\"font-family: Arial, sans-serif;\"><span style=\"font-size: large;\"><b>UMA CURA COM LEITE DE CAMELO? SIM, MAS PORQU\u00ca?<\/b><\/span><\/span><\/h2>\n<p class=\"western\" align=\"justify\"><span style=\"font-family: Arial, sans-serif;\"><span style=\"font-size: medium;\">Tem muitas virtudes, incluindo a de ajudar a :<\/span><\/span><\/p>\n<ul>\n<li>\n<p class=\"western\" align=\"justify\"><span style=\"font-family: Arial, sans-serif;\"><span style=\"font-size: medium;\">reequilibrar o seu corpo em profundidade<\/span><\/span><\/p>\n<\/li>\n<li>\n<p class=\"western\" align=\"justify\"><span style=\"font-family: Arial, sans-serif;\"><span style=\"font-size: medium;\">regenera todo o seu sistema digestivo<\/span><\/span><\/p>\n<\/li>\n<li>\n<p class=\"western\" align=\"justify\"><span style=\"font-family: Arial, sans-serif;\"><span style=\"font-size: medium;\">estimular e refor\u00e7ar as suas defesas imunit\u00e1rias<\/span><\/span><\/p>\n<\/li>\n<\/ul>\n<p class=\"western\" align=\"justify\"><span style=\"font-family: Arial, sans-serif;\"><span style=\"font-size: medium;\">A cura com leite de camelo pode ser de diferentes tipos:<\/span><\/span><\/p>\n<ul>\n<li>\n<p class=\"western\" align=\"justify\"><span style=\"font-family: Arial, sans-serif;\"><span style=\"font-size: medium;\"><b>tratamento de manuten\u00e7\u00e3o<\/b><\/span><\/span><span style=\"font-family: Arial, sans-serif;\"><span style=\"font-size: medium;\">\u00a0que pode ser renovado em cada mudan\u00e7a de esta\u00e7\u00e3o: <\/span><\/span><\/p>\n<\/li>\n<li>\n<p class=\"western\" align=\"justify\"><span style=\"font-family: Arial, sans-serif;\"><span style=\"font-size: medium;\"><b>cura ocasional\u00a0<\/b><\/span><\/span><span style=\"font-family: Arial, sans-serif;\"><span style=\"font-size: medium;\">durante um per\u00edodo dif\u00edcil: antibioticoterapia, vacina\u00e7\u00e3o, excesso de trabalho, quimioterapia, desporto intenso, convalescen\u00e7a, alergias sazonais, etc.<\/span><\/span><\/p>\n<\/li>\n<li>\n<p class=\"western\" align=\"justify\"><span style=\"font-family: Arial, sans-serif;\"><span style=\"font-size: medium;\"><b>cura prolongada<\/b><\/span><\/span><span style=\"font-family: Arial, sans-serif;\"><span style=\"font-size: medium;\">\u00a0para apoiar uma terapia espec\u00edfica: diabetes, cancro, doen\u00e7a de Crohn, autismo, alergia ao leite de vaca, esclerose m\u00faltipla, etc.<\/span><\/span><\/p>\n<\/li>\n<\/ul>\n<p>&nbsp;<\/p>\n<h2 class=\"western\" align=\"justify\"><span style=\"font-family: Arial, sans-serif;\"><span style=\"font-size: large;\"><b>OS BENEF\u00cdCIOS DO LEITE DE CAMELO<\/b><\/span><\/span><\/h2>\n<p class=\"western\" align=\"justify\"><span style=\"font-family: Arial, sans-serif;\"><span style=\"font-size: medium;\">Considera-se que :<\/span><\/span><\/p>\n<ul>\n<li>\n<p class=\"western\" align=\"justify\"><span style=\"font-family: Arial, sans-serif;\"><span style=\"font-size: medium;\"><u><b>para pessoas com alergias ou intoler\u00e2ncias \u00e0 lactose,<\/b><\/u><\/span><\/span><\/p>\n<\/li>\n<\/ul>\n<p class=\"western\" align=\"justify\"><span style=\"font-family: Arial, sans-serif;\"><span style=\"font-size: medium;\">As pessoas com alergias e\/ou intoler\u00e2ncia \u00e0 lactose tamb\u00e9m encontrar\u00e3o no leite de camelo uma alternativa bem-vinda, uma vez que n\u00e3o \u00e9 alerg\u00e9nico e, por conseguinte, \u00e9 eficaz no al\u00edvio da sua sensibilidade.<\/span><\/span><\/p>\n<ul>\n<li>\n<p class=\"western\" align=\"justify\"><span style=\"font-family: Arial, sans-serif;\"><span style=\"font-size: medium;\"><u><b>para refor\u00e7ar o sistema imunit\u00e1rio,<\/b><\/u><\/span><\/span><\/p>\n<\/li>\n<\/ul>\n<p class=\"western\" align=\"justify\"><span style=\"font-family: Arial, sans-serif;\"><span style=\"font-size: medium;\">Ap\u00f3s uma doen\u00e7a prolongada, ou como medida preventiva, a a\u00e7\u00e3o combinada de prote\u00ednas antimicrobianas e antivirais (lactoferrina, lisozima e imunoglobulinas) e de vitamina C ajuda a combater as invas\u00f5es microbianas do organismo e a refor\u00e7ar e estimular o sistema imunit\u00e1rio.<\/span><\/span><\/p>\n<p class=\"western\" align=\"justify\"><span style=\"font-family: Arial, sans-serif;\"><span style=\"font-size: medium;\">Visa tr\u00eas ac\u00e7\u00f5es: \u00e9 <\/span><\/span><span style=\"font-family: Arial, sans-serif;\"><span style=\"font-size: medium;\">revitalizante, aumenta a resist\u00eancia e ativa naturalmente o sistema de defesa imunit\u00e1rio. <\/span><\/span><\/p>\n<p class=\"western\" align=\"justify\"><span style=\"font-family: Arial, sans-serif;\"><span style=\"font-size: medium;\">A investiga\u00e7\u00e3o cient\u00edfica demonstrou que este leite pode ajudar as pessoas que sofrem das chamadas doen\u00e7as auto-imunes, tais como\u00a0<\/span><\/span><span style=\"font-family: Arial, sans-serif;\"><span style=\"font-size: medium;\">esclerose m\u00faltipla.<\/span><\/span><\/p>\n<ul>\n<li>\n<p class=\"western\" align=\"justify\"><span style=\"font-family: Arial, sans-serif;\"><span style=\"font-size: medium;\"><u><b>para combater os problemas digestivos,<\/b><\/u><\/span><\/span><\/p>\n<\/li>\n<\/ul>\n<p class=\"western\" align=\"justify\"><span style=\"font-family: Arial, sans-serif;\"><span style=\"font-size: medium;\">Com baixo teor de lactose, o leite de camelo \u00e9 muito f\u00e1cil de digerir. <\/span><\/span><\/p>\n<p class=\"western\" align=\"justify\"><span style=\"font-family: Arial, sans-serif;\"><span style=\"font-size: medium;\">As pessoas com intestinos fracos ou com dificuldades de digest\u00e3o podem optar pelo leite de camelo, uma vez que \u00e9 muito rico em probi\u00f3ticos, que s\u00e3o essenciais para uma digest\u00e3o saud\u00e1vel.<\/span><\/span><\/p>\n<p class=\"western\" align=\"justify\"><span style=\"font-family: Arial, sans-serif;\"><span style=\"font-size: medium;\">Os nutrientes presentes no leite de camelo tamb\u00e9m ajudam a melhorar a digest\u00e3o como um todo. <\/span><\/span><\/p>\n<ul>\n<li>\n<p class=\"western\" align=\"justify\"><span style=\"font-family: Arial, sans-serif;\"><span style=\"font-size: medium;\"><u><b>para ser rico em c\u00e1lcio,<\/b><\/u><\/span><\/span><\/p>\n<\/li>\n<\/ul>\n<p class=\"western\" align=\"justify\"><span style=\"font-family: Arial, sans-serif;\"><span style=\"font-size: medium;\">O consumo de c\u00e1lcio \u00e9 recomendado durante a gravidez para os ossos, mas tamb\u00e9m para os dentes e muitas outras coisas, tanto para adultos como para beb\u00e9s.<\/span><\/span><\/p>\n<p class=\"western\" align=\"justify\"><span style=\"font-family: Arial, sans-serif;\"><span style=\"font-size: medium;\">A ingest\u00e3o natural de c\u00e1lcio garante uma melhor assimila\u00e7\u00e3o. O leite de camelo \u00e9, portanto, a melhor alternativa para obter o c\u00e1lcio de que necessita todos os dias da forma mais simples poss\u00edvel, com um copo de leite. O leite de camelo cont\u00e9m 3 vezes mais c\u00e1lcio do que o leite materno e \u00e9 perfeitamente assimilado pelo nosso organismo.<\/span><\/span><\/p>\n<ul>\n<li><span style=\"font-family: Arial, sans-serif;\"><span style=\"font-size: medium;\"><u><b>para ajudar os diab\u00e9ticos,<\/b><\/u><\/span><\/span><\/li>\n<\/ul>\n<p class=\"western\" align=\"justify\"><span style=\"font-family: Arial, sans-serif;\"><span style=\"font-size: medium;\">Naturalmente rico em insulina (52 UI), \u00e9 particularmente recomendado para os diab\u00e9ticos. <\/span><\/span><\/p>\n<p class=\"western\" align=\"justify\"><span style=\"font-family: Arial, sans-serif;\"><span style=\"font-size: medium;\">Pensa-se que o consumo regular tem um efeito hipoglicemiante e regulador da glicemia em doentes insulino-dependentes com diabetes de tipo I.<\/span><\/span><\/p>\n<p class=\"western\" align=\"justify\"><span style=\"font-family: Arial, sans-serif;\"><span style=\"font-size: medium;\">Pode melhorar consideravelmente a sua qualidade de vida, ajustando o seu tratamento e permitindo-lhe regular a sua insulina naturalmente.<\/span><\/span><\/p>\n<p class=\"western\" align=\"justify\"><span style=\"font-family: Arial, sans-serif;\"><span style=\"font-size: medium;\">Naturalmente pobre em gordura, o leite de camelo tamb\u00e9m protege o seu sistema cardiovascular.<\/span><\/span><\/p>\n<ul>\n<li>\n<p class=\"western\" align=\"justify\"><span style=\"font-family: Arial, sans-serif;\"><span style=\"font-size: medium;\"><u><b>para ser um alimento preventivo de doen\u00e7as card\u00edacas,<\/b><\/u><\/span><\/span><\/p>\n<\/li>\n<\/ul>\n<p class=\"western\" align=\"justify\"><span style=\"font-family: Arial, sans-serif;\"><span style=\"font-size: medium;\">O leite de camelo tamb\u00e9m cont\u00e9m \u00e1cidos gordos complexos que melhoram os n\u00edveis de colesterol bom (LDL) do organismo, reduzindo a presen\u00e7a do colesterol mau (HDL).<\/span><\/span><\/p>\n<p class=\"western\" align=\"justify\"><span style=\"font-family: Arial, sans-serif;\"><span style=\"font-size: medium;\">O consumo de leite de camelo pode prevenir o risco de acidente vascular cerebral, tens\u00e3o arterial elevada e doen\u00e7as card\u00edacas.<\/span><\/span><\/p>\n<ul>\n<li><span style=\"font-family: Arial, sans-serif;\"><span style=\"font-size: medium;\"><u><b>para ajudar as pessoas que sofrem de cancro, esclerose e doen\u00e7a de Alzheimer,<\/b><\/u><\/span><\/span><\/li>\n<\/ul>\n<p class=\"western\" align=\"justify\"><span style=\"font-family: Arial, sans-serif;\"><span style=\"font-size: medium;\">A maior parte dos seus benef\u00edcios prov\u00e9m das prote\u00ednas, chamadas imunoglobulinas, que desempenham um papel fundamental no bem-estar imunit\u00e1rio.<\/span><\/span><span style=\"font-family: Arial, sans-serif;\"><br \/>\n<\/span><span style=\"font-family: Arial, sans-serif;\"><span style=\"font-size: medium;\">Devido \u00e0 sua estrutura particular, muitas imunoglobulinas de camelos em lacta\u00e7\u00e3o est\u00e3o dispon\u00edveis no seu leite. Os investigadores descobriram que estas imunoglobulinas s\u00e3o terap\u00eauticas para um certo n\u00famero de doen\u00e7as, bem como para a maioria dos cancros, um certo n\u00famero de escleroses e a doen\u00e7a de Alzheimer.<\/span><\/span><\/p>\n<p class=\"western\" align=\"justify\"><span style=\"color: #000000;\"><span style=\"font-family: Arial, sans-serif;\"><span style=\"font-size: medium;\"><i>A apresenta\u00e7\u00e3o das propriedades e dos potenciais benef\u00edcios do leite de camelo baseia-se na investiga\u00e7\u00e3o cient\u00edfica, em testes laboratoriais e na experi\u00eancia dos consumidores e n\u00e3o pretende ser um conselho m\u00e9dico.<\/i><\/span><\/span><\/span><\/p>\n<h2 class=\"western\" align=\"justify\"><span style=\"font-family: Arial, sans-serif;\"><span style=\"font-size: large;\"><b>E PARA AS CRIAN\u00c7AS?<\/b><\/span><\/span><\/h2>\n<p class=\"western\" align=\"justify\"><span style=\"font-family: Arial, sans-serif;\"><span style=\"font-size: medium;\">Naturalmente, deve ter-se o cuidado de reduzir a dose para metade no caso de crian\u00e7as com mais de dois anos. <\/span><\/span><\/p>\n<p class=\"western\" align=\"justify\"><span style=\"font-family: Arial, sans-serif;\"><span style=\"font-size: medium;\">O Cameliane n\u00e3o foi estudado em beb\u00e9s com menos de 12 meses de idade. <\/span><\/span><\/p>\n<p class=\"western\"><span style=\"color: #00000a;\"><span style=\"font-family: Arial, sans-serif;\"><span style=\"font-size: medium;\"><u><b>Ingredientes :<\/b><\/u><\/span><\/span><\/span><span style=\"color: #00000a;\"><span style=\"font-family: Arial, sans-serif;\"><span style=\"font-size: medium;\"> Leite de camelo<\/span><\/span><\/span><\/p>\n<p class=\"western\" align=\"justify\"><span style=\"color: #00000a;\"><span style=\"font-family: Arial, sans-serif;\"><span style=\"font-size: medium;\"><u><b>Capacidade<\/b><\/u><\/span><\/span><\/span><span style=\"color: #00000a;\"><span style=\"font-family: @Yu Gothic, serif;\"><span style=\"font-size: medium;\"><u><b>\u00a0<\/b><\/u><\/span><\/span><\/span><span style=\"color: #00000a;\"><span style=\"font-family: Arial, sans-serif;\"><span style=\"font-size: medium;\"><u><b>:<\/b><\/u><\/span><\/span><\/span> <span style=\"color: #00000a;\"><span style=\"font-family: Arial, sans-serif;\"><span style=\"font-size: medium;\">235ml<\/span><\/span><\/span><\/p>\n<p class=\"western\" align=\"justify\"><span style=\"color: #00000a;\"><span style=\"font-family: Arial, sans-serif;\"><span style=\"font-size: medium;\"><u><b>Fonte<\/b><\/u><\/span><\/span><\/span><span style=\"color: #00000a;\"><span style=\"font-family: @Yu Gothic, serif;\"><span style=\"font-size: medium;\"><u><b>\u00a0<\/b><\/u><\/span><\/span><\/span><span style=\"color: #00000a;\"><span style=\"font-family: Arial, sans-serif;\"><span style=\"font-size: medium;\"><u><b>:<\/b><\/u><\/span><\/span><\/span><span style=\"color: #00000a;\"><span style=\"font-family: Arial, sans-serif;\"><span style=\"font-size: medium;\"> Produto inspeccionado e embalado em Fran\u00e7a. Em conformidade com a regulamenta\u00e7\u00e3o europeia.<\/span><\/span><\/span><\/p>\n<p class=\"western\" align=\"justify\"><span style=\"color: #00000a;\"><span style=\"font-family: Arial, sans-serif;\"><span style=\"font-size: medium;\"><u><b>Conserva\u00e7\u00e3o :<\/b><\/u><\/span><\/span><\/span> <span style=\"color: #00000a;\"><span style=\"font-family: Arial, sans-serif;\"><span style=\"font-size: medium;\">Manter ao abrigo da luz a uma temperatura inferior a 25\u00b0C. <\/span><\/span><\/span><span style=\"color: #00000a;\"><span style=\"font-family: Arial, sans-serif;\"><span style=\"font-size: medium;\">Depois de aberta, a lata pode ser conservada durante 2 a 3 dias no frigor\u00edfico.<\/span><\/span><\/span><\/p>\n<p class=\"western\" align=\"center\">","protected":false},"excerpt":{"rendered":"<p class=\"western\" align=\"justify\"><span style=\"font-family: Arial, sans-serif;\"><span style=\"font-size: medium;\">O leite de camelo \u00e9 ideal para pessoas al\u00e9rgicas ou com intoler\u00e2ncia \u00e0 lactose.<\/span><\/span><\/p>\n<p class=\"western\" align=\"justify\"><span style=\"font-family: Arial, sans-serif;\"><span style=\"font-size: medium;\">\u00c9 rico em vitamina C, ferro, \u00e1cidos gordos insaturados e vitaminas B, c\u00e1lcio, mais prote\u00ednas, pot\u00e1ssio, magn\u00e9sio, ferro, cobre, mangan\u00eas, s\u00f3dio e zinco e menos gordura do que o leite de vaca.\u00a0<\/span><\/span><\/p>\n<p class=\"western\" align=\"justify\"><span style=\"font-family: Arial, sans-serif;\"><span style=\"font-size: medium;\">A lista de virtudes \u00e9 intermin\u00e1vel.<\/span><\/span><\/p>\n<p class=\"western\" align=\"justify\"><span style=\"font-family: Arial, sans-serif;\"><span style=\"font-size: medium;\">Declarado um \u00absuperalimento\u00bb pela FAO (<i>Administra\u00e7\u00e3o de Alimentos e Agricultura<\/i>), o leite de camelo est\u00e1 repleto de benef\u00edcios e virtudes. Encontrar\u00e1 todos estes benef\u00edcios neste leite de camelo pronto a beber numa lata. <\/span><\/span><\/p>","protected":false},"featured_media":3700,"template":"","meta":[],"product_brand":[],"product_cat":[28,29,27,64,89],"product_tag":[],"class_list":{"0":"post-2537","1":"product","2":"type-product","3":"status-publish","4":"has-post-thumbnail","6":"product_cat-medecine-sante","7":"product_cat-alimentation","8":"product_cat-bien-etre","9":"product_cat-lait-de-chamelle","10":"product_cat-promo-produits-naturels","12":"first","13":"outofstock","14":"shipping-taxable","15":"purchasable","16":"product-type-simple"},"_links":{"self":[{"href":"https:\/\/1001vertus.com\/pt\/wp-json\/wp\/v2\/product\/2537","targetHints":{"allow":["GET"]}}],"collection":[{"href":"https:\/\/1001vertus.com\/pt\/wp-json\/wp\/v2\/product"}],"about":[{"href":"https:\/\/1001vertus.com\/pt\/wp-json\/wp\/v2\/types\/product"}],"wp:featuredmedia":[{"embeddable":true,"href":"https:\/\/1001vertus.com\/pt\/wp-json\/wp\/v2\/media\/3700"}],"wp:attachment":[{"href":"https:\/\/1001vertus.com\/pt\/wp-json\/wp\/v2\/media?parent=2537"}],"wp:term":[{"taxonomy":"product_brand","embeddable":true,"href":"https:\/\/1001vertus.com\/pt\/wp-json\/wp\/v2\/product_brand?post=2537"},{"taxonomy":"product_cat","embeddable":true,"href":"https:\/\/1001vertus.com\/pt\/wp-json\/wp\/v2\/product_cat?post=2537"},{"taxonomy":"product_tag","embeddable":true,"href":"https:\/\/1001vertus.com\/pt\/wp-json\/wp\/v2\/product_tag?post=2537"}],"curies":[{"name":"wp","href":"https:\/\/api.w.org\/{rel}","templated":true}]}}