{"id":1919,"date":"2019-11-03T18:24:13","date_gmt":"2019-11-03T17:24:13","guid":{"rendered":"https:\/\/1001vertus.com\/?post_type=product&#038;p=1919"},"modified":"2023-07-20T08:35:50","modified_gmt":"2023-07-20T07:35:50","slug":"o-inverno-de-matilha-esta-a-chegar","status":"publish","type":"product","link":"https:\/\/1001vertus.com\/pt\/produit\/pack-winter-is-coming\/","title":{"rendered":"O inverno est\u00e1 a chegar\"."},"content":{"rendered":"<p class=\"western\" align=\"justify\"><span style=\"font-family: Arial, sans-serif;\"><span style=\"font-size: medium;\">O nosso pacote \u00abO inverno est\u00e1 a chegar\u00bb inclui :<\/span><\/span><\/p>\n<ul>\n<li>\n<p class=\"western\" align=\"justify\"><span style=\"font-family: Arial, sans-serif;\"><span style=\"font-size: medium;\"><b>100 ml de \u00f3leo de cominhos pretos <\/b><\/span><\/span><span style=\"font-family: Arial, sans-serif;\"><span style=\"font-size: medium;\"><i><b>Abiss\u00ednia <\/b><\/i><\/span><\/span><span style=\"font-family: Arial, sans-serif;\"><span style=\"font-size: medium;\"><b>Eti\u00f3pia<\/b><\/span><\/span><span style=\"font-family: Arial, sans-serif;\"><span style=\"font-size: medium;\"> (ou 60 c\u00e1psulas com cominhos negros <\/span><\/span><span style=\"font-family: Arial, sans-serif;\"><span style=\"font-size: medium;\"><i>Abiss\u00ednia<\/i><\/span><\/span><span style=\"font-family: Arial, sans-serif;\"><span style=\"font-size: medium;\">)<\/span><\/span><\/p>\n<p class=\"western\" style=\"text-align: left;\" align=\"justify\"><span style=\"font-family: Arial, sans-serif;\"><span style=\"font-size: medium;\">O cominho preto \u00e9 uma semente com 10<\/span><\/span><span style=\"font-family: Arial, sans-serif;\"><span style=\"font-size: medium;\">0<\/span><\/span><span style=\"font-family: Arial, sans-serif;\"><span style=\"font-size: medium;\">1 virtudes! No inverno, \u00e9 particularmente popular entre <\/span><\/span><span style=\"font-family: Arial, sans-serif;\"><span style=\"font-size: medium;\">para refor\u00e7ar as suas defesas imunit\u00e1rias, <\/span><\/span><span style=\"font-family: Arial, sans-serif;\"><span style=\"font-size: medium;\">mas tamb\u00e9m para lutar contra :<\/span><\/span><\/p>\n<p class=\"western\" style=\"text-align: left;\" align=\"justify\"><span style=\"font-family: Arial, sans-serif;\"><span style=\"font-size: medium;\">- <\/span><\/span><span style=\"font-family: Arial, sans-serif;\"><span style=\"font-size: medium;\">bronquite, <\/span><\/span><\/p>\n<p class=\"western\" style=\"text-align: left;\" align=\"justify\"><span style=\"font-family: Arial, sans-serif;\"><span style=\"font-size: medium;\">- congest\u00e3o nasal, tosse e constipa\u00e7\u00f5es<\/span><\/span><\/p>\n<p class=\"western\" style=\"text-align: left;\" align=\"justify\"><span style=\"font-family: Arial, sans-serif;\"><span style=\"font-size: medium;\">- gripe,<\/span><\/span><\/p>\n<p class=\"western\" style=\"text-align: left;\" align=\"justify\"><span style=\"font-family: Arial, sans-serif;\"><span style=\"font-size: medium;\">- Dores de garganta e dores de garganta,<\/span><\/span><\/p>\n<p class=\"western\" style=\"text-align: left;\" align=\"justify\"><span style=\"font-family: Arial, sans-serif;\"><span style=\"font-size: medium;\">...<\/span><\/span><\/p>\n<\/li>\n<\/ul>\n<ul>\n<li>\n<p class=\"western\" align=\"justify\"><span style=\"font-family: Arial, sans-serif;\"><span style=\"font-size: medium;\"><b>250 g de mel de eucalipto marroquino,<\/b><\/span><\/span><span style=\"font-family: Arial, sans-serif;\"><span style=\"font-size: medium;\"><br \/>\n<\/span><\/span><\/p>\n<\/li>\n<\/ul>\n<p class=\"western\" align=\"justify\"><span style=\"font-family: Arial, sans-serif;\"><span style=\"font-size: medium;\">Este mel \u00e9 conhecido por :<\/span><\/span><\/p>\n<p class=\"western\" align=\"justify\"><span style=\"font-family: Arial, sans-serif;\"><span style=\"font-size: medium;\">- acalmar a tosse,<\/span><\/span><\/p>\n<p class=\"western\" align=\"justify\"><span style=\"font-family: Arial, sans-serif;\"><span style=\"font-size: medium;\">- ser eficaz nas infec\u00e7\u00f5es respirat\u00f3rias (dores de garganta, bronquite, tosse...),<\/span><\/span><\/p>\n<p class=\"western\" align=\"justify\"><span style=\"font-family: Arial, sans-serif;\"><span style=\"font-size: medium;\">- <\/span><\/span><span style=\"font-family: Arial, sans-serif;\"><span style=\"font-size: medium;\">combater a febre,<\/span><\/span><\/p>\n<p class=\"western\" align=\"justify\"><span style=\"font-family: Arial, sans-serif;\"><span style=\"font-size: medium;\">- <\/span><\/span><span style=\"font-family: Arial, sans-serif;\"><span style=\"font-size: medium;\">aliviar as dores reum\u00e1ticas<\/span><\/span><\/p>\n<p class=\"western\" align=\"justify\">\u2026<\/p>\n<ul>\n<li>\n<p class=\"western\" align=\"justify\"><b><span style=\"font-family: Arial, sans-serif;\"><span style=\"font-size: medium;\">100g de rebu\u00e7ados de mel e pr\u00f3polis.<\/span><\/span><\/b><\/p>\n<\/li>\n<\/ul>\n<p class=\"western\" align=\"justify\"><span style=\"font-family: Arial, sans-serif;\"><span style=\"font-size: medium;\">Estes pequenos doces v\u00e3o suavizar e acalmar a sua garganta.<\/span><\/span><\/p>\n<p class=\"western\" align=\"justify\"><span style=\"font-family: Arial, sans-serif;\"><span style=\"font-size: medium;\"><u><b>Descri\u00e7\u00e3o pormenorizada de cada um destes produtos:<\/b><\/u><\/span><\/span><\/p>\n<ul>\n<li>\n<p class=\"western\" align=\"justify\"><strong><span style=\"font-family: Arial, sans-serif;\"><span style=\"font-size: medium;\"><i>\u00d3leo de cominho preto da Abiss\u00ednia :<\/i><\/span><\/span><\/strong><\/p>\n<\/li>\n<\/ul>\n<p class=\"western\" align=\"justify\"><span style=\"font-family: Arial, sans-serif;\"><span style=\"font-size: medium;\">As sementes a partir das quais o nosso \u00f3leo de cominho preto \u00e9 fabricado s\u00e3o provenientes da Eti\u00f3pia. S\u00e3o de grau A (a melhor qualidade) e foram certificadas como puras a 99% por um organismo independente. O nosso \u00f3leo \u00e9 100% puro e natural e n\u00e3o foi objeto de qualquer altera\u00e7\u00e3o qu\u00edmica ou fase de colora\u00e7\u00e3o.<\/span><\/span><\/p>\n<ul>\n<li>\n<p class=\"western\" align=\"justify\"><strong><span style=\"font-family: Arial, sans-serif;\"><span style=\"font-size: medium;\"><i>C\u00e1psulas de cominho preto de Abiss\u00ednia :<\/i><\/span><\/span><\/strong><\/p>\n<\/li>\n<\/ul>\n<p class=\"western\" align=\"justify\"><span style=\"font-family: Arial, sans-serif;\"><span style=\"font-size: medium;\">C\u00e1psulas com cominho preto em p\u00f3 da Eti\u00f3pia, garantidamente sem aditivos. <\/span><\/span><\/p>\n<p class=\"western\" align=\"justify\"><span style=\"font-family: Arial, sans-serif;\"><span style=\"font-size: medium;\">Caixa de 60 c\u00e1psulas de 500 mg, certificadas como BIOL\u00d3GICAS, halal, kosher e sem OGM.<\/span><\/span><\/p>\n<ul>\n<li>\n<p class=\"western\" align=\"justify\"><strong><span style=\"font-family: Arial, sans-serif;\"><span style=\"font-size: medium;\"><i>Mel de Eucalytus de Marrocos :<\/i><\/span><\/span><\/strong><\/p>\n<\/li>\n<\/ul>\n<p align=\"justify\">Mel puro de Marrocos.<\/p>\n<p class=\"western\" align=\"justify\"><span style=\"font-family: Arial, sans-serif;\"><span style=\"font-size: medium;\">Ap\u00f3s o acondicionamento, o mel pode cristalizar, um fen\u00f3meno natural que garante a sua qualidade. N\u00e3o cont\u00e9m aditivos nem conservantes.<\/span><\/span><\/p>\n<p class=\"western\" align=\"justify\"><span style=\"font-family: Arial, sans-serif;\"><span style=\"font-size: medium;\">\u00c9 naturalmente acondicionado num frasco de vidro para uma melhor conserva\u00e7\u00e3o.<\/span><\/span><\/p>\n<ul>\n<li>\n<p class=\"western\" align=\"justify\"><strong><span style=\"font-family: Arial, sans-serif;\"><span style=\"font-size: medium;\"><i>Doces de mel e pr\u00f3polis :<\/i><\/span><\/span><\/strong><\/p>\n<\/li>\n<\/ul>\n<p class=\"western\" align=\"justify\"><span style=\"font-family: Arial, sans-serif;\"><span style=\"font-size: medium;\"><u>Ingredientes:<\/u> <\/span><\/span><span style=\"font-family: Arial, sans-serif;\"><span style=\"font-size: medium;\">A\u00e7\u00facar, s<\/span><\/span><span style=\"font-family: Arial, sans-serif;\"><span style=\"font-size: medium;\">xarope de glucose, m<\/span><\/span><span style=\"font-family: Arial, sans-serif;\"><span style=\"font-size: medium;\">iel, e<\/span><\/span><span style=\"font-family: Arial, sans-serif;\"><span style=\"font-size: medium;\">Extrato natural de pr\u00f3polis.<\/span><\/span><\/p>\n<p class=\"western\" align=\"justify\"><span style=\"font-family: Arial, sans-serif;\"><span style=\"font-size: medium;\"><b>Cada um destes produtos est\u00e1 dispon\u00edvel individualmente no nosso s\u00edtio Web.<\/b><\/span><\/span><\/p>","protected":false},"excerpt":{"rendered":"<p class=\"western\" align=\"justify\"><span style=\"font-family: Arial, sans-serif;\"><span style=\"font-size: medium;\">O inverno est\u00e1 a chegar e com ele o frio e toda uma s\u00e9rie de pequenos males: dores de garganta, tosse, problemas respirat\u00f3rios, anginas... Para o ajudar a combat\u00ea-los eficazmente, prepar\u00e1mos para si um pack especial de inverno.<\/span><\/span><\/p>\n<p class=\"western\" align=\"justify\"><span style=\"font-family: Arial, sans-serif;\"><span style=\"font-size: medium;\">Trata-se de \u00f3leo de cominho preto (ou de c\u00e1psulas de cominho preto) para refor\u00e7ar as defesas imunit\u00e1rias, de mel de eucalipto, ideal para as dores de garganta e os problemas respirat\u00f3rios, e de rebu\u00e7ados de mel e de pr\u00f3polis para acalmar e suavizar a garganta.<\/span><\/span><\/p>","protected":false},"featured_media":1920,"template":"","meta":[],"product_brand":[],"product_cat":[44,28,26],"product_tag":[],"class_list":{"0":"post-1919","1":"product","2":"type-product","3":"status-publish","4":"has-post-thumbnail","6":"product_cat-nos-packs","7":"product_cat-medecine-sante","8":"product_cat-nigelle","10":"first","11":"outofstock","12":"shipping-taxable","13":"purchasable","14":"product-type-variable"},"_links":{"self":[{"href":"https:\/\/1001vertus.com\/pt\/wp-json\/wp\/v2\/product\/1919","targetHints":{"allow":["GET"]}}],"collection":[{"href":"https:\/\/1001vertus.com\/pt\/wp-json\/wp\/v2\/product"}],"about":[{"href":"https:\/\/1001vertus.com\/pt\/wp-json\/wp\/v2\/types\/product"}],"wp:featuredmedia":[{"embeddable":true,"href":"https:\/\/1001vertus.com\/pt\/wp-json\/wp\/v2\/media\/1920"}],"wp:attachment":[{"href":"https:\/\/1001vertus.com\/pt\/wp-json\/wp\/v2\/media?parent=1919"}],"wp:term":[{"taxonomy":"product_brand","embeddable":true,"href":"https:\/\/1001vertus.com\/pt\/wp-json\/wp\/v2\/product_brand?post=1919"},{"taxonomy":"product_cat","embeddable":true,"href":"https:\/\/1001vertus.com\/pt\/wp-json\/wp\/v2\/product_cat?post=1919"},{"taxonomy":"product_tag","embeddable":true,"href":"https:\/\/1001vertus.com\/pt\/wp-json\/wp\/v2\/product_tag?post=1919"}],"curies":[{"name":"wp","href":"https:\/\/api.w.org\/{rel}","templated":true}]}}