{"id":5171,"date":"2021-10-24T12:58:40","date_gmt":"2021-10-24T11:58:40","guid":{"rendered":"https:\/\/1001vertus.com\/?post_type=product&#038;p=5171"},"modified":"2023-11-12T17:48:13","modified_gmt":"2023-11-12T16:48:13","slug":"fisioterapia-vitamina-b9-capsule-di-ferro","status":"publish","type":"product","link":"https:\/\/1001vertus.com\/it\/produit\/gelules-fer-vitamines-b9-physio-source\/","title":{"rendered":"Capsule di ferro + vitamina B9 - Physio Source"},"content":{"rendered":"<h2>Qu\u2019est-ce que le fer\u00a0?<\/h2>\n<p>Il ferro \u00e8 un <strong>oligo-\u00e9l\u00e9ment essentiel \u00e0 l\u2019organisme<\/strong>. Un adulte a entre 2,5 et 4 grammes de fer dans son corps. Il sert notamment \u00e0 fabriquer de l\u2019h\u00e9moglobine, une prot\u00e9ine des globules rouges et servants au transport de l\u2019oxyg\u00e8ne.<\/p>\n<p>C\u2019est l\u2019alimentation qui apporte normalement le fer dont l\u2019organisme a besoin. Mais il peut arriver qu&rsquo;il en manque, parce qu\u2019il n\u2019est pas apport\u00e9 en quantit\u00e9 suffisante ou parce qu\u2019il y a des pertes de sang. Cette situation peut mener \u00e0 l\u2019an\u00e9mie par carence en fer.<\/p>\n<h2>La carence en fer et l\u2019an\u00e9mie :<\/h2>\n<p>Le manque de fer peut produire une carence qui va avoir des effets vari\u00e9s. Cette carence conduit \u00e0 une fatigue et serait li\u00e9e au syndrome des jambes sans repos et \u00e0 la chute de cheveux.<\/p>\n<p>L\u2019insuffisance d\u2019apport en fer peut provoquer une an\u00e9mie dont les sympt\u00f4mes sont, entre autres, la fatigue, la p\u00e2leur, les palpitations, une diminution des performances intellectuelles (en particulier chez les enfants) ou un affaiblissement de la fonction immunitaire.<\/p>\n<h2>Perch\u00e9 la vitamina B9 in pi\u00f9?<\/h2>\n<p>Nos g\u00e9lules contiennent de la vitamine B9 (ou acide folique) en plus du fer car cette vitamine est \u00e9galement importante pour la formation d\u2019h\u00e9moglobine.<\/p>\n<h2>Les personnes \u00e0 risque de carence ou d&rsquo;an\u00e9mie :<\/h2>\n<p>Les femmes enceintes sont particuli\u00e8rement \u00e0 risque de carence ou d\u2019an\u00e9mie. En effet, les besoins de l\u2019organisme augmentent pendant cette p\u00e9riode et l\u2019alimentation peut s\u2019av\u00e9rer insuffisante pour apporter tout le fer requis. L\u2019an\u00e9mie accro\u00eet les risques de naissance pr\u00e9matur\u00e9e ou de petit poids du b\u00e9b\u00e9 \u00e0 la naissance.<\/p>\n<p>Entre 6 mois et 5 ans, la croissance du b\u00e9b\u00e9 et du jeune enfant va exiger \u00e9galement de grandes quantit\u00e9s de fer, que l\u2019alimentation ne pourra pas toujours assurer.<br \/>\nNous conseillons d\u2019ailleurs aux femmes enceintes de consommer de la <a href=\"https:\/\/1001vertus.com\/it\/product\/sciroppo-di-datteri\/\">m\u00e9lasse de dattes<\/a> (ou sirop de dattes), un produit 100% naturel riche en fer, en min\u00e9raux et en vitamines.<\/p>\n<p>Mais les femmes enceintes ne sont pas les seules concern\u00e9es par ce risque de carence. Il y a aussi les femmes en \u00e2ge de procr\u00e9er (surtout celles dont les r\u00e8gles sont abondantes), les adolescentes, les enfants en p\u00e9riode de croissance (notamment entre six mois et quatre ans), les v\u00e9g\u00e9taliens, les athl\u00e8tes f\u00e9minines, les personnes souffrant d\u2019ulc\u00e8res digestifs.<\/p>\n<p>Le fer est \u00e9galement propos\u00e9 pour am\u00e9liorer les performances physiques des sportifs, les performances intellectuelles des enfants et des adolescents, ainsi que pour combattre la fatigue.<\/p>\n<p>Cependant, les experts s&rsquo;accordent pour r\u00e9server ces compl\u00e9ments aux cas de d\u00e9ficience clairement diagnostiqu\u00e9e, avec une surveillance m\u00e9dicale. En effet, il s\u2019accumule dans l\u2019organisme et son exc\u00e8s peut provoquer une intoxication grave : douleurs articulaires, diab\u00e8te, troubles cardiaques, cirrhose du foie, voire cancers du c\u00f4lon et du rectum. La prise d\u2019une dose massive peut \u00e9galement provoquer un empoisonnement avec troubles du foie et des reins, \u00e9tat de choc et coma. Pour cette raison, les compl\u00e9ments riches en fer doivent \u00eatre maintenus hors de port\u00e9e des enfants.<\/p>\n<p>&nbsp;<\/p>\n<h2>Autres bienfaits du fer pour l\u2019organisme :<\/h2>\n<p>Les autorit\u00e9s de sant\u00e9 europ\u00e9ennes (EFSA, European Food Safety Authority et la Commission europ\u00e9enne) se sont prononc\u00e9es sur certaines all\u00e9gations sant\u00e9 des aliments et compl\u00e9ments alimentaires contenant du fer.<\/p>\n<p>Apr\u00e8s examen des donn\u00e9es scientifiques, elles ont estim\u00e9 que ces produits peuvent pr\u00e9tendre contribuer :<\/p>\n<ul>\n<li>au m\u00e9tabolisme \u00e9nerg\u00e9tique normal,<\/li>\n<li>normali funzioni intellettuali,<\/li>\n<li>\u00e0 la synth\u00e8se d\u2019h\u00e9moglobine et de globules rouges,<\/li>\n<li>au transport de l\u2019oxyg\u00e8ne dans le corps,<\/li>\n<li>au fonctionnement normal du syst\u00e8me immunitaire,<\/li>\n<li>\u00e0 r\u00e9duire la fatigue,<\/li>\n<li>au d\u00e9veloppement intellectuel normal de l\u2019enfant,<\/li>\n<li>\u00e0 la division cellulaire.<\/li>\n<\/ul>\n<p>&nbsp;<\/p>\n<p><u>Conseil d\u2019utilisation :<\/u> Prendre 1 g\u00e9lule le matin<\/p>\n<p><u>Capacit\u00e0 :<\/u> 60 g\u00e9lules dos\u00e9es \u00e0 250 mg<\/p>\n<p><u>Ingredienti:<\/u> Ferro lattato, vitamina E naturale, acido folico (vitamina B9). Eccipienti.<\/p>\n<p>Le nostre capsule sono realizzate con gelatina vegetale (HPMC).<\/p>\n<p>&nbsp;<\/p>\n<p><strong>Une portion journali\u00e8re fournit :<\/strong><br \/>\nFerro: 14 mg (100% di NRV*)<br \/>\nVitamina E: 5 mg ET (50% di NRV*)<br \/>\nVitamine B9 : 200 \u00b5g (100% des VNR*)<br \/>\n*Valeurs Nutritionnelles de R\u00e9f\u00e9rence<\/p>\n<p><em>Ce compl\u00e9ment alimentaire n\u2019est pas un m\u00e9dicament et doit \u00eatre utilis\u00e9 dans le cadre d\u2019un r\u00e9gime alimentaire vari\u00e9. Ne pas d\u00e9passer la dose journali\u00e8re indiqu\u00e9e. Tenir hors de port\u00e9e des jeunes enfants.<\/em><br \/>\n<em>Attention : le fer est toxique \u00e0 forte dose.<\/em><\/p>","protected":false},"excerpt":{"rendered":"<p>Le fer et la vitamine B9 contribuent \u00e0 r\u00e9duire la fatigue et contribuent au fonctionnement normal du syst\u00e8me immunitaire.<\/p>\n<p>Le fer contribue \u00e0 la formation normale de globules rouges et d\u2019h\u00e9moglobine.<\/p>\n<p>Ces g\u00e9lules sont donc id\u00e9ales en cas de carence en fer, d\u2019an\u00e9mie ou pour les personnes enceintes.<\/p>","protected":false},"featured_media":5164,"template":"","meta":[],"product_brand":[],"product_cat":[108],"product_tag":[],"class_list":{"0":"post-5171","1":"product","2":"type-product","3":"status-publish","4":"has-post-thumbnail","6":"product_cat-rupture-de-stock","8":"first","9":"outofstock","10":"shipping-taxable","11":"purchasable","12":"product-type-simple"},"_links":{"self":[{"href":"https:\/\/1001vertus.com\/it\/wp-json\/wp\/v2\/product\/5171","targetHints":{"allow":["GET"]}}],"collection":[{"href":"https:\/\/1001vertus.com\/it\/wp-json\/wp\/v2\/product"}],"about":[{"href":"https:\/\/1001vertus.com\/it\/wp-json\/wp\/v2\/types\/product"}],"wp:featuredmedia":[{"embeddable":true,"href":"https:\/\/1001vertus.com\/it\/wp-json\/wp\/v2\/media\/5164"}],"wp:attachment":[{"href":"https:\/\/1001vertus.com\/it\/wp-json\/wp\/v2\/media?parent=5171"}],"wp:term":[{"taxonomy":"product_brand","embeddable":true,"href":"https:\/\/1001vertus.com\/it\/wp-json\/wp\/v2\/product_brand?post=5171"},{"taxonomy":"product_cat","embeddable":true,"href":"https:\/\/1001vertus.com\/it\/wp-json\/wp\/v2\/product_cat?post=5171"},{"taxonomy":"product_tag","embeddable":true,"href":"https:\/\/1001vertus.com\/it\/wp-json\/wp\/v2\/product_tag?post=5171"}],"curies":[{"name":"wp","href":"https:\/\/api.w.org\/{rel}","templated":true}]}}