{"id":3783,"date":"2024-02-23T08:00:07","date_gmt":"2024-02-23T07:00:07","guid":{"rendered":"https:\/\/1001vertus.com\/?post_type=product&#038;p=3783"},"modified":"2025-09-28T23:22:53","modified_gmt":"2025-09-28T22:22:53","slug":"physio-source-curcuma-organica-in-gel","status":"publish","type":"product","link":"https:\/\/1001vertus.com\/it\/produit\/gelules-de-curcuma-bio-physio-source\/","title":{"rendered":"Capsule di curcuma biologica (60 capsule)"},"content":{"rendered":"<p>Le curcuma est issu d\u2019une plante qui pousse dans le sud du continent asiatique, et plus pr\u00e9cis\u00e9ment en Inde, au Sri Lanka, au Bangladesh et au Myanmar. En cuisine, le rhizome (partie souterraine de la plante) est s\u00e9ch\u00e9 puis r\u00e9duit en poudre pour former une \u00e9pice. Cette \u00e9pice est indissociable de la cuisine indienne et de la gastronomie asiatique. D\u00e9couvrez ici nos g\u00e9lules de curcuma !<\/p>\n<p>Cependant, au-del\u00e0 de son int\u00e9r\u00eat culinaire, le curcuma est aussi une plante m\u00e9dicinale de premier choix. Il s\u2019utilise depuis longtemps en m\u00e9decine chinoise et ayurv\u00e9dique pour ses diff\u00e9rentes vertus sur la sant\u00e9. Et on le trouve d\u00e9sormais dans la composition de nombreux <a href=\"https:\/\/1001vertus.com\/it\/product\/gommine-nigella\/\"><strong>compl\u00e9ments alimentaires<\/strong><\/a>, que ce soit sous la forme solide ou bien liquide. Le curcuma a d&rsquo;ailleurs depuis plusieurs ann\u00e9es trouv\u00e9 sa place parmi les compl\u00e9ments alimentaires les plus consomm\u00e9s au monde.<\/p>\n<h2><strong>Le curcuma \u00e0 travers les temps<\/strong><\/h2>\n<p>Il est difficile de mettre une date sur la premi\u00e8re utilisation du curcuma. On trouve n\u00e9anmoins des traces de sa pr\u00e9sence dans les \u00e9crits de la litt\u00e9rature sanskrite. Ces derniers datent de plus de 2000 ans avant notre \u00e8re.<\/p>\n<p>Il faut savoir que l\u2019histoire du curcuma est double. La plante poss\u00e8de un pass\u00e9 culinaire tr\u00e8s riche et un pass\u00e9 m\u00e9dical tout aussi int\u00e9ressant.<\/p>\n<p>Autrefois, le curcuma \u00e9tait, de par sa couleur jaune-orang\u00e9e puissante, utilis\u00e9 comme colorant pour les textiles d\u2019Inde et d\u2019Asie. Il \u00e9tait aussi utilis\u00e9 pour colorer plats et mets en tout genre mais aussi comme \u00e9pice pour aromatiser les plats, c&rsquo;est d&rsquo;ailleurs un composant principal du curry que nous connaissons tous<\/p>\n<p>Les anciens se sont rendu compte que ce m\u00eame curcuma permettait de conserver la saveur et les propri\u00e9t\u00e9s des aliments et il fut d\u00e8s lors utilis\u00e9 comme conservateur naturel au m\u00eame titre que le sel ou le citron.<\/p>\n<p>Il fut alors d\u00e9couvert que ses propri\u00e9t\u00e9s de conservateur des aliments provenaient de son fort pouvoir antioxydant : ses propri\u00e9t\u00e9s de plantes m\u00e9dicinales \u00e9taient n\u00e9es.<\/p>\n<p>Dans la tradition ayurv\u00e9dique (d\u2019Asie du sud), il est utilis\u00e9 comme herbe m\u00e9dicinale en pr\u00e9vention et en curation pour ses effets notamment sur les rhumatismes, l\u2019arthrose, ou autres probl\u00e8mes de peau. Mais de fa\u00e7on g\u00e9n\u00e9rale, le curcuma est largement connu et reconnu pour ses propri\u00e9t\u00e9s antioxydantes ainsi que sur divers types d\u2019inflammation, notamment intestinales par exemple.<\/p>\n<p>L&rsquo;arriv\u00e9e du curcuma en Europe correspond \u00e0 celle des currys ramen\u00e9s par les Britanniques depuis leur Empire des Indes. La reconnaissance de ses propri\u00e9t\u00e9s m\u00e9dicinales est donc r\u00e9cente en Occident. Son efficacit\u00e9 dans le traitement des troubles digestifs n&rsquo;en est pas moins reconnue par l&rsquo;OMS (<a href=\"https:\/\/www.who.int\/fr\" target=\"_blank\" rel=\"noopener\"><strong>Organisation mondiale de la sant\u00e9<\/strong><\/a>) et la Commission E, (commission scientifique allemande charg\u00e9e de valider les propri\u00e9t\u00e9s m\u00e9dicinales des plantes).<\/p>\n<h3><strong>Les caract\u00e9ristiques de nos g\u00e9lules de curcuma<\/strong><\/h3>\n<p><strong><u>Istruzioni per l'uso :<\/u><\/strong>\u00a04 \u00e0 6 g\u00e9lules par jour, de pr\u00e9f\u00e9rence le matin, \u00e0 jeun.<\/p>\n<p><strong><u>Capacit\u00e0 :<\/u><\/strong> 60 g\u00e9lules de curcuma dos\u00e9es \u00e0 325mg<\/p>\n<p><strong><u>Ingredienti:<\/u><\/strong>\u00a0Curcuma (Curcuma longa) rizoma*: 325 mg.<br \/>\nG\u00e9lule d\u2019origine v\u00e9g\u00e9tale.<\/p>\n<p>Conservare in un luogo asciutto, lontano da fonti di calore e umidit\u00e0.<\/p>\n<p><em>Ce compl\u00e9ment alimentaire n\u2019est pas un m\u00e9dicament mais un compl\u00e9ment nutritionnel \u00e0 consommer dans le cadre d\u2019un r\u00e9gime alimentaire vari\u00e9. Ne pas d\u00e9passer la dose journali\u00e8re indiqu\u00e9e. Tenir hors de port\u00e9e des jeunes enfants.<\/em><\/p>\n<h3><u><strong>Pr\u00e9cautions d&#8217;emploi<\/strong>:<\/u><\/h3>\n<ul>\n<li>G\u00e9lules de curcuma d\u00e9conseill\u00e9 aux femmes enceintes et allaitantes.<\/li>\n<li>Non adatto ai minori di 18 anni.<\/li>\n<li>Ne convient pas aux personnes souffrant de troubles h\u00e9patiques, de l\u00e9sions ou calculs biliaires.<\/li>\n<li>Consultez votre m\u00e9decin ou pharmacien en cas d&rsquo;usage simultan\u00e9 d&rsquo;anticoagulants.<\/li>\n<li>Faire une pause de 2 semaines minimum apr\u00e8s 8 semaines de suppl\u00e9mentation.<\/li>\n<\/ul>","protected":false},"excerpt":{"rendered":"<p>Le curcuma, qui se distingue par sa tr\u00e8s belle couleur orange, est une \u00e9pice d\u2019exception.<\/p>\n<p>Cette plante est cultiv\u00e9e et utilis\u00e9e depuis l\u2019Antiquit\u00e9 dans certaines r\u00e9gions du monde, et elle est l\u2019une des plantes les plus utilis\u00e9es en m\u00e9decine naturelle chinoise et ayurv\u00e9dique.<\/p>","protected":false},"featured_media":22116,"template":"","meta":[],"product_brand":[],"product_cat":[53],"product_tag":[],"class_list":{"0":"post-3783","1":"product","2":"type-product","3":"status-publish","4":"has-post-thumbnail","6":"product_cat-complements-alimentaires","8":"first","9":"instock","10":"shipping-taxable","11":"purchasable","12":"product-type-simple"},"_links":{"self":[{"href":"https:\/\/1001vertus.com\/it\/wp-json\/wp\/v2\/product\/3783","targetHints":{"allow":["GET"]}}],"collection":[{"href":"https:\/\/1001vertus.com\/it\/wp-json\/wp\/v2\/product"}],"about":[{"href":"https:\/\/1001vertus.com\/it\/wp-json\/wp\/v2\/types\/product"}],"wp:featuredmedia":[{"embeddable":true,"href":"https:\/\/1001vertus.com\/it\/wp-json\/wp\/v2\/media\/22116"}],"wp:attachment":[{"href":"https:\/\/1001vertus.com\/it\/wp-json\/wp\/v2\/media?parent=3783"}],"wp:term":[{"taxonomy":"product_brand","embeddable":true,"href":"https:\/\/1001vertus.com\/it\/wp-json\/wp\/v2\/product_brand?post=3783"},{"taxonomy":"product_cat","embeddable":true,"href":"https:\/\/1001vertus.com\/it\/wp-json\/wp\/v2\/product_cat?post=3783"},{"taxonomy":"product_tag","embeddable":true,"href":"https:\/\/1001vertus.com\/it\/wp-json\/wp\/v2\/product_tag?post=3783"}],"curies":[{"name":"wp","href":"https:\/\/api.w.org\/{rel}","templated":true}]}}