{"id":3213,"date":"2020-06-27T12:06:09","date_gmt":"2020-06-27T11:06:09","guid":{"rendered":"https:\/\/1001vertus.com\/?post_type=product&#038;p=3213"},"modified":"2024-02-01T18:52:55","modified_gmt":"2024-02-01T17:52:55","slug":"latte-di-cammella-in-polvere-monodose","status":"publish","type":"product","link":"https:\/\/1001vertus.com\/it\/produit\/lait-de-chamelle-en-poudre-unidose\/","title":{"rendered":"Latte di cammello in polvere - 2 baccelli da 10 g"},"content":{"rendered":"<p class=\"western\" align=\"justify\"><span style=\"font-family: Arial, sans-serif;\"><span style=\"font-size: medium;\">Consomm\u00e9 depuis des mill\u00e9naires au Moyen-Orient en Afrique et en Asie, le lait de chamelle a permis \u00e0 de nombreuses tribus de survivre plusieurs semaines dans des conditions extr\u00eames gr\u00e2ce \u00e0 ses qualit\u00e9s extraordinaires. Il a \u00e9t\u00e9 d\u00e9cr\u00e9t\u00e9 \u00ab\u00a0super aliment\u00a0\u00bb par la FAO (<\/span><\/span><span style=\"font-family: Arial, sans-serif;\"><span style=\"font-size: medium;\"><i>Amministrazione dell'alimentazione e dell'agricoltura<\/i><\/span><\/span><span style=\"font-family: Arial, sans-serif;\"><span style=\"font-size: medium;\">l'Organizzazione delle Nazioni Unite per l'alimentazione e l'agricoltura).<\/span><\/span><\/p>\n<p class=\"western\" align=\"justify\"><span style=\"font-family: Arial, sans-serif;\"><span style=\"font-size: medium;\">Le lait de chamelle serait celui qui se rapproche le plus du lait maternel dans sa composition et r\u00e9pondrait parfaitement aux besoins nutritifs humains. <\/span><\/span><\/p>\n<p class=\"western\" align=\"justify\"><span style=\"font-family: Arial, sans-serif;\"><span style=\"font-size: medium;\">De plus, d\u2019apr\u00e8s une enqu\u00eate du <\/span><\/span><span style=\"font-family: Arial, sans-serif;\"><span style=\"font-size: medium;\"><i>Gruppo Mondiale Allergie<\/i><\/span><\/span><span style=\"font-family: Arial, sans-serif;\"><span style=\"font-size: medium;\">, des chercheurs ont prouv\u00e9 que le lait de chamelle est le deuxi\u00e8me lait provoquant le moins de r\u00e9action allergique apr\u00e8s\u00a0le lait humain\u00a0!<\/span><\/span><\/p>\n<p class=\"western\" align=\"justify\"><span style=\"font-family: Arial, sans-serif;\"><span style=\"font-size: medium;\">Le lait de chamelle Cameliane a une texture cr\u00e9meuse et un\u00a0go\u00fbt savoureux \u00a0qui est conserv\u00e9 gr\u00e2ce \u00e0 la lyophilisation.<\/span><\/span><\/p>\n<h2 class=\"western\" align=\"justify\"><span style=\"font-family: Arial, sans-serif;\"><span style=\"font-size: large;\"><b>UNE CURE DE LAIT DE CHAMELLE\u00a0? OUI, MAIS POURQUOI\u00a0?<\/b><\/span><\/span><\/h2>\n<p class=\"western\" align=\"justify\"><span style=\"font-family: Arial, sans-serif;\"><span style=\"font-size: medium;\">Ces dosettes unidoses sont id\u00e9ales pour une utilisation journali\u00e8re ou pour d\u00e9couvrir ce produit.<\/span><\/span><\/p>\n<p class=\"western\" align=\"justify\"><span style=\"font-family: Arial, sans-serif;\"><span style=\"font-size: medium;\">Un ciclo di trattamento di 10 giorni (10 g al giorno, cio\u00e8 un misurino) \u00e8 :<\/span><\/span><\/p>\n<ul>\n<li>\n<p class=\"western\" align=\"justify\"><span style=\"font-family: Arial, sans-serif;\"><span style=\"font-size: medium;\">r\u00e9\u00e9quilibrer l&rsquo;organisme en profondeur,<\/span><\/span><\/p>\n<\/li>\n<li>\n<p class=\"western\" align=\"justify\"><span style=\"font-family: Arial, sans-serif;\"><span style=\"font-size: medium;\">r\u00e9g\u00e9n\u00e9rer l\u2019ensemble de la sph\u00e8re digestive,<\/span><\/span><\/p>\n<\/li>\n<li>\n<p class=\"western\" align=\"justify\"><span style=\"font-family: Arial, sans-serif;\"><span style=\"font-size: medium;\">stimuler et renforcer les d\u00e9fenses immunitaires.<\/span><\/span><\/p>\n<\/li>\n<\/ul>\n<p class=\"western\" align=\"justify\"><span style=\"font-family: Arial, sans-serif;\"><span style=\"font-size: medium;\">Cette cure peut \u00eatre de diff\u00e9rents types\u00a0:<\/span><\/span><\/p>\n<ul>\n<li>\n<p class=\"western\" align=\"justify\"><span style=\"font-family: Arial, sans-serif;\"><span style=\"font-size: medium;\"><b>cure d\u2019entretien<\/b><\/span><\/span><span style=\"font-family: Arial, sans-serif;\"><span style=\"font-size: medium;\">\u00a0que l\u2019on peut renouveler \u00e0 chaque changement de saison\u00a0: <\/span><\/span><\/p>\n<\/li>\n<li>\n<p class=\"western\" align=\"justify\"><span style=\"font-family: Arial, sans-serif;\"><span style=\"font-size: medium;\"><b>cura occasionale\u00a0<\/b><\/span><\/span><span style=\"font-family: Arial, sans-serif;\"><span style=\"font-size: medium;\">durant une p\u00e9riode difficile\u00a0: antibioth\u00e9rapie, vaccination, surmenage, chimioth\u00e9rapie, sport intense, convalescence, allergies saisonni\u00e8res\u2026<\/span><\/span><\/p>\n<\/li>\n<li>\n<p class=\"western\" align=\"justify\"><span style=\"font-family: Arial, sans-serif;\"><span style=\"font-size: medium;\"><b>cure prolong\u00e9e<\/b><\/span><\/span><span style=\"font-family: Arial, sans-serif;\"><span style=\"font-size: medium;\"> pour accompagner une th\u00e9rapie particuli\u00e8re\u00a0: diab\u00e8te, cancer, maladie de Crohn, autisme, allergies au lait de vache, scl\u00e9rose en plaques\u2026<\/span><\/span><\/p>\n<\/li>\n<\/ul>\n<p>&nbsp;<\/p>\n<h2 class=\"western\" align=\"justify\"><span style=\"font-family: Arial, sans-serif;\"><span style=\"font-size: large;\"><b>I BENEFICI DEL LATTE DI CAMMELLA<\/b><\/span><\/span><\/h2>\n<p class=\"western\" align=\"justify\"><span style=\"font-family: Arial, sans-serif;\"><span style=\"font-size: medium;\">Le lait de chamelle est r\u00e9put\u00e9 :<\/span><\/span><\/p>\n<ul>\n<li>\n<p class=\"western\" align=\"justify\"><span style=\"font-family: Arial, sans-serif;\"><span style=\"font-size: medium;\"><u><b>pour les personnes allergiques et intol\u00e9rantes au lactose,<\/b><\/u><\/span><\/span><\/p>\n<\/li>\n<\/ul>\n<p class=\"western\" align=\"justify\"><span style=\"font-family: Arial, sans-serif;\"><span style=\"font-size: medium;\">Les personnes allergiques et\/ou intol\u00e9rantes au lactose trouveront aussi leur bonheur dans le lait de chamelle \u00e9tant donn\u00e9 qu\u2019il est non allerg\u00e8ne et donc efficace pour att\u00e9nuer leur sensibilit\u00e9.<\/span><\/span><\/p>\n<ul>\n<li>\n<p class=\"western\" align=\"justify\"><span style=\"font-family: Arial, sans-serif;\"><span style=\"font-size: medium;\"><u><b>pour renforcez le syst\u00e8me immunitaire,<\/b><\/u><\/span><\/span><\/p>\n<\/li>\n<\/ul>\n<p class=\"western\" align=\"justify\"><span style=\"font-family: Arial, sans-serif;\"><span style=\"font-size: medium;\">Apr\u00e8s une longue maladie, ou en pr\u00e9vention, l\u2019action conjugu\u00e9e des prot\u00e9ines antimicrobiennes et antivirales (lactoferrine, lyzozyme et\u00a0immunoglobulines) et de la vitamine C, permet de lutter contre les invasions microbiennes dans l\u2019organisme, de renforcer et de stimuler le syst\u00e8me immunitaire.<\/span><\/span><\/p>\n<p class=\"western\" align=\"justify\"><span style=\"font-family: Arial, sans-serif;\"><span style=\"font-size: medium;\">Ha tre azioni: \u00e8 <\/span><\/span><span style=\"font-family: Arial, sans-serif;\"><span style=\"font-size: medium;\">revitalisant, il augmente la r\u00e9sistance et actionne le syst\u00e8mes de d\u00e9fense immunitaire de fa\u00e7on naturelle. <\/span><\/span><\/p>\n<p class=\"western\" align=\"justify\"><span style=\"font-family: Arial, sans-serif;\"><span style=\"font-size: medium;\">Des recherches scientifiques ont pu d\u00e9montrer que ce lait pouvait aider les personnes souffrant de maladies dites auto-immunes comme la\u00a0<\/span><\/span><span style=\"font-family: Arial, sans-serif;\"><span style=\"font-size: medium;\">scl\u00e9rose en plaque.<\/span><\/span><\/p>\n<ul>\n<li>\n<p class=\"western\" align=\"justify\"><span style=\"font-family: Arial, sans-serif;\"><span style=\"font-size: medium;\"><u><b>pour lutter contre les probl\u00e8mes digestifs,<\/b><\/u><\/span><\/span><\/p>\n<\/li>\n<\/ul>\n<p class=\"western\" align=\"justify\"><span style=\"font-family: Arial, sans-serif;\"><span style=\"font-size: medium;\">Faiblement dos\u00e9 en lactose, il est tr\u00e8s facile \u00e0 dig\u00e9rer. <\/span><\/span><\/p>\n<p class=\"western\" align=\"justify\"><span style=\"font-family: Arial, sans-serif;\"><span style=\"font-size: medium;\">Les personnes qui ont les intestins fragiles ou qui dig\u00e8rent difficilement peuvent opter pour le lait de chamelle \u00e9tant donn\u00e9 qu\u2019il est tr\u00e8s riche en probiotiques, essentiels pour une digestion saine.<\/span><\/span><\/p>\n<p class=\"western\" align=\"justify\"><span style=\"font-family: Arial, sans-serif;\"><span style=\"font-size: medium;\">Les nutriments pr\u00e9sents dans ce permettent \u00e9galement d\u2019am\u00e9liorer la digestion dans son ensemble. <\/span><\/span><\/p>\n<ul>\n<li>\n<p class=\"western\" align=\"justify\"><span style=\"font-family: Arial, sans-serif;\"><span style=\"font-size: medium;\"><u><b>pour \u00eatre riche en calcium,<\/b><\/u><\/span><\/span><\/p>\n<\/li>\n<\/ul>\n<p class=\"western\" align=\"justify\"><span style=\"font-family: Arial, sans-serif;\"><span style=\"font-size: medium;\">L\u2019apport de calcium est recommand\u00e9 pendant la grossesse pour les os mais aussi pour les dents, et plein d\u2019autres choses, pour les adultes comme pour les b\u00e9b\u00e9s.<\/span><\/span><\/p>\n<p class=\"western\" align=\"justify\"><span style=\"font-family: Arial, sans-serif;\"><span style=\"font-size: medium;\">Prendre du calcium naturellement garantit une meilleure assimilation. Le lait de chamelle est donc la meilleure alternative pour prendre le calcium dont vous avez besoin chaque jour et ceci de la fa\u00e7on la plus simple possible, avec un verre de lait. En effet, le lait de chamelle contient 3 fois plus de calcium que le lait maternel et il est parfaitement assimilable par notre organisme.<\/span><\/span><\/p>\n<ul>\n<li class=\"western\"><span style=\"font-family: Arial, sans-serif;\"><span style=\"font-size: medium;\"><u><b>pour aider les diab\u00e9tiques,<\/b><\/u><\/span><\/span><\/li>\n<\/ul>\n<p class=\"western\" align=\"justify\"><span style=\"font-family: Arial, sans-serif;\"><span style=\"font-size: medium;\">Naturellement riche en insuline (52 UI), il est particuli\u00e8rement recommand\u00e9 pour les personnes diab\u00e9tiques. <\/span><\/span><\/p>\n<p class=\"western\" align=\"justify\"><span style=\"font-family: Arial, sans-serif;\"><span style=\"font-size: medium;\">La consommation r\u00e9guli\u00e8re de lait de chamelle aurait une action hypoglyc\u00e9miante et rr\u00e9gulatrice de la glyc\u00e9mie chez les patients insulinod\u00e9pendants avec un diab\u00e8te de type I.<\/span><\/span><\/p>\n<p class=\"western\" align=\"justify\"><span style=\"font-family: Arial, sans-serif;\"><span style=\"font-size: medium;\">Il peut consid\u00e9rablement am\u00e9liorer votre qualit\u00e9 de vie en am\u00e9nageant votre traitement et en vous permettant de r\u00e9guler de fa\u00e7on naturelle votre insuline.<\/span><\/span><\/p>\n<p class=\"western\" align=\"justify\"><span style=\"font-family: Arial, sans-serif;\"><span style=\"font-size: medium;\">Naturellement pauvre en mati\u00e8res grasses, le lait de chamelle prot\u00e8ge \u00e9galement votre syst\u00e8me cardio-vasculaire.<\/span><\/span><\/p>\n<ul>\n<li class=\"western\"><span style=\"font-family: Arial, sans-serif;\"><span style=\"font-size: medium;\"><u><b>pour \u00eatre un aliment pr\u00e9ventif pour les maladies cardiaques,<\/b><\/u><\/span><\/span><\/li>\n<\/ul>\n<p class=\"western\" align=\"justify\"><span style=\"font-family: Arial, sans-serif;\"><span style=\"font-size: medium;\">Dans sa composition, on retrouve aussi des acides gras complexes qui am\u00e9liorent le taux de bon cholest\u00e9rol (LDL) dans l\u2019organisme tout en r\u00e9duisant la pr\u00e9sence du mauvais cholest\u00e9rol (HDL).<\/span><\/span><\/p>\n<p class=\"western\" align=\"justify\"><span style=\"font-family: Arial, sans-serif;\"><span style=\"font-size: medium;\">Boire du lait de chamelle permettrait ainsi de pr\u00e9venir les risques d\u2019AVC, d\u2019hypertension art\u00e9rielle et de maladies du c\u0153ur.<\/span><\/span><\/p>\n<ul>\n<li>\n<p class=\"western\" align=\"justify\"><span style=\"font-family: Arial, sans-serif;\"><span style=\"font-size: medium;\"><u><b>pour aider les personnes souffrant de cancer, scl\u00e9rose et maladie d\u2019Alzheimer,<\/b><\/u><\/span><\/span><\/p>\n<\/li>\n<\/ul>\n<p class=\"western\" align=\"justify\"><span style=\"font-family: Arial, sans-serif;\"><span style=\"font-size: medium;\">La plupart des avantages du lait de chamelle provient des prot\u00e9ines, appel\u00e9es immunoglobulines, qui jouent un r\u00f4le cl\u00e9 dans le bien-\u00eatre immunitaire.<\/span><\/span><span style=\"font-family: Arial, sans-serif;\"><br \/>\n<\/span><span style=\"font-family: Arial, sans-serif;\"><span style=\"font-size: medium;\">En raison de leur structure particuli\u00e8re, de nombreuses immunoglobulines de la chamelle en lactation sont disponibles dans le lait. Les chercheurs ont d\u00e9couvert que ces immunoglobulines sont th\u00e9rapeutiques pour un certain nombre de maladies, ainsi que pour la plupart des cancers, un certain nombre de scl\u00e9roses et la maladie d\u2019Alzheimer.<\/span><\/span><\/p>\n<h2 class=\"western\" align=\"justify\"><span style=\"font-family: Arial, sans-serif;\"><span style=\"font-size: large;\"><b>POURQUOI DU LAIT EN POUDRE\u00a0?<\/b><\/span><\/span><\/h2>\n<p class=\"western\" align=\"justify\"><span style=\"font-family: Arial, sans-serif;\"><span style=\"font-size: medium;\">Puisqu\u2019il est tr\u00e8s rare voir impossible de consommer du lait de chamelle frais dans nos contr\u00e9es, on peut le consommer sous forme de poudre, cela ne change rien \u00e0 ses vertus et \u00e0 ses qualit\u00e9s nutritives, bien au contraire. Ce qui n\u2019est pas le cas du lait UHT, qui a \u00e9t\u00e9 mont\u00e9 \u00e0 des temp\u00e9ratures tr\u00e8s \u00e9lev\u00e9es pour sa conservation, provoquant ainsi la perte ou la diminution de bon nombre de ses apports et vertus.<\/span><\/span><\/p>\n<p class=\"western\" align=\"justify\"><span style=\"font-family: Arial, sans-serif;\"><span style=\"font-size: medium;\">Transform\u00e9 en poudre, le transport et la conservation de ce lait de chamelle est plus pratique et nous permet de le consommer r\u00e9guli\u00e8rement malgr\u00e9 sa raret\u00e9.<\/span><\/span><\/p>\n<h2 class=\"western\" align=\"justify\"><span style=\"font-family: Arial, sans-serif;\"><span style=\"font-size: large;\"><b>ET POUR LES ENFANTS\u00a0?<\/b><\/span><\/span><\/h2>\n<p class=\"western\" align=\"justify\"><span style=\"font-family: Arial, sans-serif;\"><span style=\"font-size: medium;\">Une cuill\u00e8re doseuse est fournie dans l\u2019emballage. Celle-ci correspond \u00e0 un dosage pour un adulte. V<\/span><\/span><span style=\"font-family: Arial, sans-serif;\"><span style=\"font-size: medium;\">ous prendrez soin de r\u00e9duire les doses de moiti\u00e9 pour les enfants de plus de deux ans. <\/span><\/span><\/p>\n<p class=\"western\" align=\"justify\"><span style=\"font-family: Arial, sans-serif;\"><span style=\"font-size: medium;\">Par contre, le lait de chamelle Cameliane n\u2019est pas \u00e9tudi\u00e9 pour les nourrissons de moins de deux ans.<\/span><\/span><\/p>\n<p class=\"western\"><span style=\"color: #00000a;\"><span style=\"font-family: Arial, sans-serif;\"><span style=\"font-size: medium;\"><u><b>Ingr\u00e9dient\u00a0:<\/b><\/u><\/span><\/span><\/span><span style=\"color: #00000a;\"><span style=\"font-family: Arial, sans-serif;\"><span style=\"font-size: medium;\"> Latte di cammello<\/span><\/span><\/span><\/p>\n<p class=\"western\" align=\"justify\"><span style=\"color: #00000a;\"><span style=\"font-family: Arial, sans-serif;\"><span style=\"font-size: medium;\"><u><b>Capacit\u00e0<\/b><\/u><\/span><\/span><\/span><span style=\"color: #00000a;\"><span style=\"font-family: @Yu Gothic, serif;\"><span style=\"font-size: medium;\"><u><b>\u00a0<\/b><\/u><\/span><\/span><\/span><span style=\"color: #00000a;\"><span style=\"font-family: Arial, sans-serif;\"><span style=\"font-size: medium;\"><u><b>:<\/b><\/u><\/span><\/span><\/span><span style=\"color: #00000a;\"><span style=\"font-family: Arial, sans-serif;\"><span style=\"font-size: medium;\"> 2 cialde monodose da 10 g<\/span><\/span><\/span><\/p>\n<p class=\"western\" align=\"justify\"><span style=\"color: #00000a;\"><span style=\"font-family: Arial, sans-serif;\"><span style=\"font-size: medium;\"><u><b>Fonte<\/b><\/u><\/span><\/span><\/span><span style=\"color: #00000a;\"><span style=\"font-family: @Yu Gothic, serif;\"><span style=\"font-size: medium;\"><u><b>\u00a0<\/b><\/u><\/span><\/span><\/span><span style=\"color: #00000a;\"><span style=\"font-family: Arial, sans-serif;\"><span style=\"font-size: medium;\"><u><b>:<\/b><\/u><\/span><\/span><\/span><span style=\"color: #00000a;\"><span style=\"font-family: Arial, sans-serif;\"><span style=\"font-size: medium;\"> Hollande. Produit contr\u00f4l\u00e9 et conditionn\u00e9 en France. Conforme \u00e0 la r\u00e9glementation Europ\u00e9enne.<\/span><\/span><\/span><\/p>\n<p class=\"western\" align=\"justify\"><span style=\"color: #00000a;\"><span style=\"font-family: Arial, sans-serif;\"><span style=\"font-size: medium;\"><u><b>Conservation\u00a0:<\/b><\/u><\/span><\/span><\/span><span style=\"color: #00000a;\"><span style=\"font-family: Arial, sans-serif;\"><span style=\"font-size: medium;\"> Garder ferm\u00e9 dans un endroit sec, \u00e0 l\u2019abri de l\u2019humidit\u00e9 et de la lumi\u00e8re afin de ne pas alt\u00e9rer ses qualit\u00e9s.<\/span><\/span><\/span><\/p>\n<p class=\"western\" align=\"justify\"><span style=\"font-family: Arial, sans-serif;\"><span style=\"font-size: medium;\">Il est pr\u00e9f\u00e9rable de le maintenir \u00e0 une temp\u00e9rature inf\u00e9rieure \u00e0 25\u00b0C.<\/span><\/span><\/p>\n<p class=\"western\" align=\"justify\"><span style=\"color: #00000a;\"><span style=\"font-family: Arial, sans-serif;\"><span style=\"font-size: medium;\"><u><b>Conseils de dosage\u2009:<\/b><\/u><\/span><\/span><\/span><span style=\"color: #00000a;\"><span style=\"font-family: Arial, sans-serif;\"><span style=\"font-size: medium;\">\u2009 1 sachet par jour dilu\u00e9 dans un verre d\u2019eau ou dans une pr\u00e9paration de votre go\u00fbt.<\/span><\/span><\/span><\/p>\n<pre class=\"western\"><\/pre>","protected":false},"excerpt":{"rendered":"<p class=\"western\" align=\"justify\"><span style=\"font-family: Arial, sans-serif;\"><span style=\"font-size: medium;\">Il latte di cammello \u00e8 ideale per le persone intolleranti o allergiche al lattosio.<\/span><\/span><\/p>\n<p class=\"western\" align=\"justify\"><span style=\"font-family: Arial, sans-serif;\"><span style=\"font-size: medium;\">\u00c8 ricco di vitamina C, ferro, acidi grassi insaturi e vitamine del gruppo B, calcio, pi\u00f9 proteine, potassio, magnesio, ferro, rame, manganese, sodio e zinco e meno grassi del latte vaccino.\u00a0<\/span><\/span><\/p>\n<p class=\"western\" align=\"justify\"><span style=\"font-family: Arial, sans-serif;\"><span style=\"font-size: medium;\">L'elenco delle virt\u00f9 \u00e8 infinito.<\/span><\/span><\/p>\n<p class=\"western\" align=\"justify\"><span style=\"font-family: Arial, sans-serif;\"><span style=\"font-size: medium;\">Dichiarato \u00absuperfood\u00bb dalla FAO (<i>Amministrazione dell'alimentazione e dell'agricoltura<\/i>), il latte di cammella \u00e8 ricco di benefici e virt\u00f9. <\/span><\/span><\/p>\n<p class=\"western\" align=\"justify\"><span style=\"font-family: Arial, sans-serif;\"><span style=\"font-size: medium;\">Retrouvez l&rsquo;int\u00e9gralit\u00e9 de ses vertus dans ce lait de chamelle en poudre, maintenant disponible en stick unidose de 10g. <\/span><\/span><\/p>","protected":false},"featured_media":3699,"template":"","meta":[],"product_brand":[],"product_cat":[28,29,27,64],"product_tag":[],"class_list":{"0":"post-3213","1":"product","2":"type-product","3":"status-publish","4":"has-post-thumbnail","6":"product_cat-medecine-sante","7":"product_cat-alimentation","8":"product_cat-bien-etre","9":"product_cat-lait-de-chamelle","11":"first","12":"outofstock","13":"shipping-taxable","14":"purchasable","15":"product-type-simple"},"_links":{"self":[{"href":"https:\/\/1001vertus.com\/it\/wp-json\/wp\/v2\/product\/3213","targetHints":{"allow":["GET"]}}],"collection":[{"href":"https:\/\/1001vertus.com\/it\/wp-json\/wp\/v2\/product"}],"about":[{"href":"https:\/\/1001vertus.com\/it\/wp-json\/wp\/v2\/types\/product"}],"wp:featuredmedia":[{"embeddable":true,"href":"https:\/\/1001vertus.com\/it\/wp-json\/wp\/v2\/media\/3699"}],"wp:attachment":[{"href":"https:\/\/1001vertus.com\/it\/wp-json\/wp\/v2\/media?parent=3213"}],"wp:term":[{"taxonomy":"product_brand","embeddable":true,"href":"https:\/\/1001vertus.com\/it\/wp-json\/wp\/v2\/product_brand?post=3213"},{"taxonomy":"product_cat","embeddable":true,"href":"https:\/\/1001vertus.com\/it\/wp-json\/wp\/v2\/product_cat?post=3213"},{"taxonomy":"product_tag","embeddable":true,"href":"https:\/\/1001vertus.com\/it\/wp-json\/wp\/v2\/product_tag?post=3213"}],"curies":[{"name":"wp","href":"https:\/\/api.w.org\/{rel}","templated":true}]}}