{"id":2197,"date":"2019-12-23T21:45:17","date_gmt":"2019-12-23T20:45:17","guid":{"rendered":"https:\/\/1001vertus.com\/?post_type=product&#038;p=2197"},"modified":"2025-11-08T21:56:59","modified_gmt":"2025-11-08T20:56:59","slug":"sapone-vegetale-vitality-con-latte-di-cammello","status":"publish","type":"product","link":"https:\/\/1001vertus.com\/it\/produit\/savon-vegetal-vitalite-au-lait-de-chamelle\/","title":{"rendered":"Sapone vegetale VITALIT\u00c9 con latte di cammello"},"content":{"rendered":"<p class=\"western\" align=\"justify\"><span style=\"font-family: Arial, sans-serif;\"><span style=\"font-size: medium;\">Tradizionalmente prodotto a mano in Francia, la base di questo sapone vegetale \u00e8 realizzata secondo la ricetta del sapone <\/span><\/span><span style=\"font-family: Arial, sans-serif;\"><span style=\"font-size: medium;\">de Marseille, a base di olio d'oliva e olio di cocco.<\/span><\/span><\/p>\n<p class=\"western\" align=\"justify\"><span style=\"font-family: Arial, sans-serif;\"><span style=\"font-size: medium;\">Naturale e privo di sostanze chimiche, \u00e8 arricchito con 10% di latte di cammello che abbiamo selezionato con la massima cura.<\/span><\/span><\/p>\n<p class=\"western\" align=\"justify\"><span style=\"font-family: Arial, sans-serif;\"><span style=\"font-size: medium;\">Il latte di cammello \u00e8 ricco di minerali e vitamine: C, A, B1, B2 e B12.<\/span><\/span><\/p>\n<p class=\"western\" align=\"justify\"><span style=\"font-family: Arial, sans-serif;\"><span style=\"font-size: medium;\">Contiene :<\/span><\/span><\/p>\n<p class=\"western\" align=\"justify\"><span style=\"font-family: Arial, sans-serif;\"><span style=\"font-size: medium;\">&#8211; de la LANOLINE qui favorise l\u2019hydratation de la peau<\/span><\/span><\/p>\n<p class=\"western\" align=\"justify\"><span style=\"font-family: Arial, sans-serif;\"><span style=\"font-size: medium;\">&#8211; de la VITAMINE C qui lui conf\u00e8re des vertus anti oxydantes<\/span><\/span><\/p>\n<p class=\"western\" align=\"justify\"><span style=\"font-family: Arial, sans-serif;\"><span style=\"font-size: medium;\">&#8211; de la VITAMINE B lui donnant un effet protecteur contre les rayons UV<\/span><\/span><\/p>\n<p class=\"western\" align=\"justify\"><span style=\"font-family: Arial, sans-serif;\"><span style=\"font-size: medium;\">&#8211; des ACIDES AMINES formant une barri\u00e8re antimicrobienne efficace<\/span><\/span><\/p>\n<p class=\"western\" align=\"justify\"><span style=\"font-family: Arial, sans-serif;\"><span style=\"font-size: medium;\">&#8211; des PROPRI\u00c9T\u00c9S ANTI INFLAMMATOIRES pour soulager les effets de l\u2019 ECZ\u00c9MA<\/span><\/span><\/p>\n<p class=\"western\" align=\"justify\"><span style=\"font-family: Arial, sans-serif;\"><span style=\"font-size: medium;\"><u><b>Uso consigliato :<\/b><\/u><\/span><\/span><\/p>\n<p class=\"western\" align=\"justify\"><span style=\"font-family: Arial, sans-serif;\"><span style=\"font-size: medium;\">Sulla pelle umida, lavorare il sapone fino a formare una schiuma moderata e lasciare agire per qualche istante prima di risciacquare.<\/span><\/span><\/p>\n<p class=\"western\" align=\"justify\"><span style=\"font-family: Arial, sans-serif;\"><span style=\"font-size: medium;\"><u><b>Ingredienti:<\/b><\/u><\/span><\/span><\/p>\n<p class=\"western\" align=\"justify\"><span style=\"font-family: Arial, sans-serif;\"><span style=\"font-size: medium;\">Olivato di sodio<\/span><\/span><\/p>\n<p class=\"western\" align=\"justify\"><span style=\"font-family: Arial, sans-serif;\"><span style=\"font-size: medium;\">Sodio cocoato<\/span><\/span><\/p>\n<p class=\"western\" align=\"justify\"><span style=\"font-family: Arial, sans-serif;\"><span style=\"font-size: medium;\">Acqua<\/span><\/span><\/p>\n<p class=\"western\" align=\"justify\"><span style=\"font-family: Arial, sans-serif;\"><span style=\"font-size: medium;\">Glicerina<\/span><\/span><\/p>\n<p class=\"western\" align=\"justify\"><span style=\"font-family: Arial, sans-serif;\"><span style=\"font-size: medium;\">Latte di cammello<\/span><\/span><\/p>\n<p class=\"western\" align=\"justify\"><span style=\"font-family: Arial, sans-serif;\"><span style=\"font-size: medium;\">Olio di frutta di Olea Europea<\/span><\/span><\/p>\n<p class=\"western\" align=\"justify\"><span style=\"font-family: Arial, sans-serif;\"><span style=\"font-size: medium;\">Olio di nocciolo di Argania spinosa<\/span><\/span><\/p>\n<p class=\"western\" align=\"justify\"><span style=\"font-family: Arial, sans-serif;\"><span style=\"font-size: medium;\">Olio di Mentha piperita<\/span><\/span><\/p>\n<p class=\"western\" align=\"justify\"><span style=\"font-family: Arial, sans-serif;\"><span style=\"font-size: medium;\">Cloruro di sodio<\/span><\/span><\/p>\n<p class=\"western\" align=\"justify\"><span style=\"font-family: Arial, sans-serif;\"><span style=\"font-size: medium;\">Glutammato tetrasodico diacetato<\/span><\/span><\/p>\n<p class=\"western\" align=\"justify\"><span style=\"font-family: Arial, sans-serif;\"><span style=\"font-size: medium;\"><u><b>Origine :<\/b><\/u><\/span><\/span><span style=\"font-family: Arial, sans-serif;\"><span style=\"font-size: medium;\"> Francia<\/span><\/span><\/p>\n<p class=\"western\" align=\"justify\"><span style=\"font-family: Arial, sans-serif;\"><span style=\"font-size: medium;\"><u><b>Peso :<\/b><\/u><\/span><\/span><span style=\"font-family: Arial, sans-serif;\"><span style=\"font-size: medium;\"> 100g<\/span><\/span><\/p>","protected":false},"excerpt":{"rendered":"<p class=\"western\" align=\"justify\"><span style=\"font-family: Arial, sans-serif;\"><span style=\"font-size: medium;\">Profitez des vertus du lait de chamelle dans ce savon enrichi \u00e0 l\u2019huile d\u2019argan BIO, reconnue pour son pouvoir hydratant et \u00e0 l\u2019huile essentielle BIO de menthe poivr\u00e9e. <\/span><\/span><\/p>\n<p class=\"western\" align=\"justify\"><span style=\"font-family: Arial, sans-serif;\"><span style=\"font-size: medium;\">Ce savon est \u00e9galement l\u00e9g\u00e8rement sur-gras, \u00e0 l\u2019huile d\u2019olive BIO d\u2019un petit village de Provence.<\/span><\/span><\/p>\n<p class=\"western\" align=\"justify\"><span style=\"font-family: Arial, sans-serif;\"><span style=\"font-size: medium;\">Il est particuli\u00e8rement indiqu\u00e9 pour la toilette du visage mais peut aussi s\u2019utiliser pour l\u2019ensemble du corps.<\/span><\/span><\/p>","protected":false},"featured_media":2194,"template":"","meta":[],"product_brand":[],"product_cat":[27,55,80],"product_tag":[],"class_list":{"0":"post-2197","1":"product","2":"type-product","3":"status-publish","4":"has-post-thumbnail","6":"product_cat-bien-etre","7":"product_cat-savon","8":"product_cat-savon-au-lait-de-chamelle","10":"first","11":"outofstock","12":"shipping-taxable","13":"purchasable","14":"product-type-simple"},"_links":{"self":[{"href":"https:\/\/1001vertus.com\/it\/wp-json\/wp\/v2\/product\/2197","targetHints":{"allow":["GET"]}}],"collection":[{"href":"https:\/\/1001vertus.com\/it\/wp-json\/wp\/v2\/product"}],"about":[{"href":"https:\/\/1001vertus.com\/it\/wp-json\/wp\/v2\/types\/product"}],"wp:featuredmedia":[{"embeddable":true,"href":"https:\/\/1001vertus.com\/it\/wp-json\/wp\/v2\/media\/2194"}],"wp:attachment":[{"href":"https:\/\/1001vertus.com\/it\/wp-json\/wp\/v2\/media?parent=2197"}],"wp:term":[{"taxonomy":"product_brand","embeddable":true,"href":"https:\/\/1001vertus.com\/it\/wp-json\/wp\/v2\/product_brand?post=2197"},{"taxonomy":"product_cat","embeddable":true,"href":"https:\/\/1001vertus.com\/it\/wp-json\/wp\/v2\/product_cat?post=2197"},{"taxonomy":"product_tag","embeddable":true,"href":"https:\/\/1001vertus.com\/it\/wp-json\/wp\/v2\/product_tag?post=2197"}],"curies":[{"name":"wp","href":"https:\/\/api.w.org\/{rel}","templated":true}]}}