{"id":4054,"date":"2021-01-23T12:01:00","date_gmt":"2021-01-23T11:01:00","guid":{"rendered":"https:\/\/1001vertus.com\/?post_type=product&#038;p=4054"},"modified":"2023-09-05T13:19:32","modified_gmt":"2023-09-05T12:19:32","slug":"jabon-de-leche-de-cabra-a-la-lima","status":"publish","type":"product","link":"https:\/\/1001vertus.com\/es\/produit\/savon-au-lait-de-chevre-citron-vert\/","title":{"rendered":"JAB\u00d3N DE LECHE DE CABRA \"LIMA"},"content":{"rendered":"<p align=\"LEFT\"><span style=\"color: #000000;\"><span style=\"font-family: Arial, sans-serif;\"><span style=\"font-size: x-large;\"><b>Los beneficios de la leche de cabra :<\/b><\/span><\/span><\/span><\/p>\n<p align=\"LEFT\"><span style=\"color: #000000;\"><span style=\"font-family: Arial, sans-serif;\"><span style=\"font-size: medium;\">La leche de cabra est\u00e1 reconocida como un excelente <b>excelente regeneraci\u00f3n cut\u00e1nea<\/b> gracias a su principal activo: el \u00e1cido capr\u00edlico. La finura de esta leche le confiere fant\u00e1sticas propiedades hidratantes y una muy buena afinidad con la piel.<\/span><\/span><\/span><\/p>\n<p align=\"LEFT\"><span style=\"font-family: Arial, sans-serif;\"><span style=\"font-size: medium;\"><span style=\"color: #000000;\">Por s\u00ed solo <\/span><b><span style=\"color: #000000;\">combate el envejecimiento cut\u00e1neo<\/span><\/b><span style=\"color: #000000;\"> y da una dosis de\u2019 <\/span><b><span style=\"color: #000000;\">m\u00e1xima hidrataci\u00f3n <\/span><\/b><span style=\"color: #000000;\">incluso para las pieles m\u00e1s secas. Muy utilizado en los pa\u00edses n\u00f3rdicos, tambi\u00e9n es muy conocido por las personas con piel reactiva. Gracias a su <\/span><b><span style=\"color: #000000;\">propiedades calmantes<\/span><\/b><span style=\"color: #000000;\">, la leche de cabra es ideal para <\/span><b><span style=\"color: #000000;\">aliviar ciertos trastornos cut\u00e1neos<\/span><\/b><span style=\"color: #000000;\"> dermatitis, eczema o psoriasis.<\/span><\/span><\/span><\/p>\n<h2 class=\"western\" align=\"LEFT\"><span style=\"color: #000000;\"><span style=\"font-family: Arial, sans-serif;\"><span style=\"font-size: x-large;\"><b>\u00bfQu\u00e9 es el jab\u00f3n saponificado en fr\u00edo?<\/b><\/span><\/span><\/span><\/h2>\n<p><span style=\"font-family: Arial, sans-serif;\"><span style=\"font-size: medium;\">La<\/span><\/span><strong><span style=\"font-family: Arial, sans-serif;\"><span style=\"font-size: medium;\"> saponificaci\u00f3n en fr\u00edo<\/span><\/span><\/strong><span style=\"font-family: Arial, sans-serif;\"><span style=\"font-size: medium;\"> es hacer jab\u00f3n simplemente mezclando h<\/span><\/span><strong><span style=\"font-family: Arial, sans-serif;\"><span style=\"font-size: medium;\">Aceites vegetales<\/span><\/span><\/strong><span style=\"font-family: Arial, sans-serif;\"><span style=\"font-size: medium;\"> a la ceniza de sosa, de <\/span><\/span><strong><span style=\"font-family: Arial, sans-serif;\"><span style=\"font-size: medium;\">sin calentar los aceites vegetales.<\/span><\/span><\/strong><span style=\"font-family: Arial, sans-serif;\"><span style=\"font-size: medium;\"> que lo componen.<\/span><\/span><\/p>\n<p><span style=\"font-family: Arial, sans-serif;\"><span style=\"font-size: medium;\">Pero este proceso de fabricaci\u00f3n ancestral lleva mucho tiempo y requiere al menos 4 semanas de secado, tambi\u00e9n conocido como \u00abcurado\u00bb. Debido a este retraso, ninguna gran marca fabrica este tipo de jab\u00f3n porque no es \u00absuficientemente rentable\u00bb. As\u00ed que los fabricantes aceleran la reacci\u00f3n calent\u00e1ndola: es lo que se llama \"curado\". <\/span><\/span><strong><span style=\"font-family: Arial, sans-serif;\"><span style=\"font-size: medium;\">saponificaci\u00f3n en caliente.<\/span><\/span><\/strong><\/p>\n<p><span style=\"font-family: Arial, sans-serif;\"><span style=\"font-size: medium;\">Adem\u00e1s, los jabones que se encuentran en los grandes supermercados se fabrican con lo que se conoce como \u00abingredientes del jab\u00f3n\".\u00ab\u00a0<\/span><\/span><em><span style=\"font-family: Arial, sans-serif;\"><span style=\"font-size: medium;\">rebotando\u00bb <\/span><\/span><\/em><span style=\"font-family: Arial, sans-serif;\"><span style=\"font-size: medium;\">= virutas de jab\u00f3n industrial, que son totalmente inertes, a diferencia de los aceites vegetales.<\/span><\/span><\/p>\n<p>&nbsp;<\/p>\n<h2 class=\"western\"><span style=\"font-family: Arial, sans-serif;\"><span style=\"font-size: x-large;\">\u00bfPor qu\u00e9 el jab\u00f3n saponificado en fr\u00edo es como un producto para el cuidado de la piel?<\/span><\/span><\/h2>\n<p><span style=\"font-family: Arial, sans-serif;\"><span style=\"font-size: medium;\">La saponificaci\u00f3n en fr\u00edo es el \u00fanico m\u00e9todo que conserva de forma natural y significativa la<\/span><\/span> <strong><span style=\"font-family: Arial, sans-serif;\"><span style=\"font-size: medium;\">glicerina vegetal<\/span><\/span><\/strong><span style=\"font-family: Arial, sans-serif;\"><span style=\"font-size: medium;\">. Esta glicerina, conocida por su<\/span><\/span><strong><span style=\"font-family: Arial, sans-serif;\"><span style=\"font-size: medium;\"> hidratante y emoliente<\/span><\/span><\/strong><span style=\"font-family: Arial, sans-serif;\"><span style=\"font-size: medium;\">, Es bueno para la piel y contrarresta la detergencia del jab\u00f3n.<\/span><\/span><\/p>\n<p><span style=\"font-family: Arial, sans-serif;\"><span style=\"font-size: medium;\">Como los aceites vegetales no se calientan durante la saponificaci\u00f3n en fr\u00edo, no se desnaturalizan y la <\/span><\/span><strong><span style=\"font-family: Arial, sans-serif;\"><span style=\"font-size: medium;\">El jab\u00f3n conserva los beneficios de los aceites<\/span><\/span><\/strong><span style=\"font-family: Arial, sans-serif;\"><span style=\"font-size: medium;\">, especialmente si son de alta calidad y org\u00e1nicos.<\/span><\/span><span style=\"font-family: Arial, sans-serif;\"><span style=\"font-size: medium;\"><br \/>\nAdem\u00e1s, durante la saponificaci\u00f3n, la parte insaponificable de los aceites vegetales (fitoesteroles, polifenoles, antioxidantes, vitaminas...) no se transforma y estas mol\u00e9culas se encuentran \u00edntegramente en el jab\u00f3n. Es lo que se conoce como surgras.<\/span><\/span><\/p>\n<p><span style=\"font-family: Arial, sans-serif;\"><span style=\"font-size: medium;\">El jab\u00f3n tambi\u00e9n se conoce como<\/span><\/span><strong><span style=\"font-family: Arial, sans-serif;\"><span style=\"font-size: medium;\"> surgras<\/span><\/span><\/strong><span style=\"font-family: Arial, sans-serif;\"><span style=\"font-size: medium;\"> si, adem\u00e1s de los ingredientes necesarios, se utilizan voluntariamente uno o varios aceites (o mantecas) vegetales v\u00edrgenes no saponificados. Complementan las propiedades del jab\u00f3n y act\u00faan directamente sobre la piel.<\/span><\/span><\/p>\n<p><span style=\"font-family: Arial, sans-serif;\"><span style=\"font-size: medium;\">El resultado es <\/span><\/span><span style=\"font-family: Arial, sans-serif;\"><span style=\"font-size: medium;\">a <\/span><\/span><strong><span style=\"font-family: Arial, sans-serif;\"><span style=\"font-size: medium;\">jab\u00f3n natural suave y nutritivo<\/span><\/span><\/strong><span style=\"font-family: Arial, sans-serif;\"><span style=\"font-size: medium;\">, a la f\u00f3rmula respetuosa de<\/span><\/span><strong><span style=\"font-family: Arial, sans-serif;\"><span style=\"font-size: medium;\"> pel\u00edcula hidrolip\u00eddica<\/span><\/span><\/strong><span style=\"font-family: Arial, sans-serif;\"><span style=\"font-size: medium;\"> de la piel, sino tambi\u00e9n del medio ambiente.<br \/>\nCompuesto por<\/span><\/span><strong><span style=\"font-family: Arial, sans-serif;\"><span style=\"font-size: medium;\"> glicerina, l\u00edpidos (\u00e1cidos grasos) y mol\u00e9culas insaponificables, jab\u00f3n saponificado en fr\u00edo y supergraso <\/span><\/span><\/strong><span style=\"font-family: Arial, sans-serif;\"><span style=\"font-size: medium;\">s<\/span><\/span><span style=\"font-family: Arial, sans-serif;\"><span style=\"font-size: medium;\">\u2019son, por tanto, similares a un <\/span><\/span><strong><span style=\"font-family: Arial, sans-serif;\"><span style=\"font-size: medium;\">cuidado aut\u00e9ntico de la piel<\/span><\/span><\/strong><span style=\"font-family: Arial, sans-serif;\"><span style=\"font-size: medium;\">.<\/span><\/span><\/p>\n<p>&nbsp;<\/p>\n<h2 class=\"western\" align=\"LEFT\"><span style=\"color: #000000;\"><span style=\"font-family: Arial, sans-serif;\"><span style=\"font-size: x-large;\"><b>\u00bfCu\u00e1les son los beneficios del jab\u00f3n supergraso?<\/b><\/span><\/span><\/span><\/h2>\n<p><span style=\"font-family: Arial, sans-serif;\"><span style=\"font-size: medium;\">La principal funci\u00f3n de la piel es actuar como barrera protectora frente a cualquier agresi\u00f3n externa que pueda sufrir. Por agresiones externas entendemos microbios y bacterias. Esta protecci\u00f3n la proporciona el manto hidrolip\u00eddico, una pel\u00edcula natural formada por sebo y agua. Sin esta pel\u00edcula, nuestra piel pierde sus defensas naturales.<\/span><\/span><\/p>\n<p><span style=\"font-family: Arial, sans-serif;\"><span style=\"font-size: medium;\">Esta pel\u00edcula hidrolip\u00eddica tambi\u00e9n evita la deshidrataci\u00f3n de la piel al evaporar el agua que contiene. Por tanto, es esencial. <\/span><\/span><\/p>\n<p><span style=\"font-family: Arial, sans-serif;\"><span style=\"font-size: medium;\">Sin embargo, nuestro estilo de vida y nuestros h\u00e1bitos de consumo pueden influir en esta pel\u00edcula hidrolip\u00eddica: lavarse con agua muy dura puede da\u00f1arla. Tambi\u00e9n el uso de ciertos productos para el cuidado de la piel (gel de ducha, exfoliantes, productos dom\u00e9sticos para las manos, etc.). Sin esta pel\u00edcula hidrolip\u00eddica, la piel se deshidrata y se reseca.<\/span><\/span><\/p>\n<p><span style=\"font-family: Arial, sans-serif;\"><span style=\"font-size: medium;\">El uso de un jab\u00f3n supergraso restaura la pel\u00edcula protectora de la piel, evitando que se deshidrate. Esto es posible gracias a los agentes supergrasos que contiene el jab\u00f3n supergraso. As\u00ed que puede lavarse con un jab\u00f3n supergraso sin resecar la piel.<\/span><\/span><\/p>\n<p>\u200b<span style=\"font-family: Arial, sans-serif;\"><span style=\"font-size: medium;\">Si tienes la piel tirante y te pica, es porque la tienes extremadamente seca. Por eso, si tienes piel at\u00f3pica con eczema, por ejemplo, es muy recomendable que utilices un jab\u00f3n supergraso para calmar la piel.<\/span><\/span><\/p>\n<p>\u200b\u200b<span style=\"font-family: Arial, sans-serif;\"><span style=\"font-size: medium;\">Por tanto, el jab\u00f3n supergraso permite <b>prevenir la deshidrataci\u00f3n y el picor de la piel.<\/b><\/span><\/span><\/p>\n<p>&nbsp;<\/p>\n<p><span style=\"font-family: Arial, sans-serif;\"><span style=\"font-size: x-large;\"><b>Pour quels types de peau ce savon au lait de ch\u00e8vre doit-il \u00eatre utilis\u00e9 ?<\/b><\/span><\/span><\/p>\n<ul>\n<li><span style=\"font-family: Arial, sans-serif;\"><span style=\"font-size: medium;\"><b>para pieles secas y sensibles<\/b>para<b> <\/b>prevenir la deshidrataci\u00f3n de la piel,<\/span><\/span><\/li>\n<\/ul>\n<ul>\n<li><span style=\"font-family: Arial, sans-serif;\"><span style=\"font-size: medium;\"><b>para pieles normales<\/b>La piel est\u00e1 perfectamente hidratada,<\/span><\/span><\/li>\n<\/ul>\n<ul>\n<li><span style=\"font-family: Arial, sans-serif;\"><span style=\"font-size: medium;\"><b>para beb\u00e9s<\/b>, ya que<b> <\/b>Hidrata profundamente la piel, por lo que es ideal para el lavado de beb\u00e9s y ni\u00f1os peque\u00f1os.\u00a0<\/span><\/span><\/li>\n<\/ul>\n<p><span style=\"font-family: Arial, sans-serif;\"><span style=\"font-size: medium;\">Sin embargo, ten cuidado de no utilizar jab\u00f3n supergraso en adolescentes que est\u00e9n en plena crisis de acn\u00e9. Su piel es muy rica en sebo, y su uso s\u00f3lo empeorar\u00eda las cosas.<\/span><\/span><\/p>\n<p>&nbsp;<\/p>\n<p><strong><u>Ingredientes INCI :<\/u><\/strong> Sodium Olivate* (olive), Sodium Cocoate* (coconut\/coco), Caprae Lac(goat milk\/lait ch\u00e8vre), Glycerin, Sodium Shea Butterate* (shea\/karit\u00e9), Sodium Sunflowerseedate* (sunflower\/tournesol), Sodium Hempseedate* (hemp\/chanvre), Aqua (water\/eau), Sodium Cocoa Butterate* (cocoa\/cacao), Parfum (fragrance), Malva Sylvestris Flower Extract* (mallow\/mauve), Citrus Reticulata Fruit Extract* (mandarin\/mandarine),Citrus Aurantifolia Fruit Extract* (lime\/citron vert), CI 77288 (natural dye\/colorant naturel), Citral, Citronellol, Geraniol, Limonene, Linalool.<\/p>\n<p>*ingredientes procedentes de la agricultura ecol\u00f3gica<\/p>\n<p>Fabricado en Francia.<\/p>\n<p>&nbsp;<\/p>\n<p><strong><u>Peso :<\/u><\/strong> 100g<\/p>","protected":false},"excerpt":{"rendered":"<p align=\"LEFT\"><span style=\"color: #000000;\"><span style=\"font-family: Arial, sans-serif;\"><span style=\"font-size: medium;\">Este jab\u00f3n es <b>fr\u00edo-saponificado <\/b>y es <b>100 % natural<\/b>.<\/span><\/span><\/span><\/p>\n<p align=\"LEFT\"><span style=\"color: #000000;\"><span style=\"font-family: Arial, sans-serif;\"><span style=\"font-size: medium;\">Contiene :<\/span><\/span><\/span><\/p>\n<p align=\"LEFT\"><span style=\"color: #000000;\"><span style=\"font-family: Arial, sans-serif;\"><span style=\"font-size: medium;\">- <b>10% de leche de cabra EXTRA-FRESCA <\/b>(no leche de cabra en polvo), <\/span><\/span><\/span><\/p>\n<p align=\"LEFT\"><span style=\"color: #000000;\"><span style=\"font-family: Arial, sans-serif;\"><span style=\"font-size: medium;\">- <b>7% SURGRAS, <\/b>para una hidrataci\u00f3n intensa (mucho m\u00e1s que la mayor\u00eda de los jabones),<\/span><\/span><\/span><\/p>\n<p align=\"LEFT\"><span style=\"color: #000000;\"><span style=\"font-family: Arial, sans-serif;\"><span style=\"font-size: medium;\">-<b> 80% m\u00ednimo de ingredientes BIO,<\/b> <\/span><\/span><\/span><\/p>\n<p align=\"LEFT\"><span style=\"color: #000000;\"><span style=\"font-family: Arial, sans-serif;\"><span style=\"font-size: medium;\">- <b>100% Fragancias NATURALES<\/b> de la ciudad de Grasse.<\/span><\/span><\/span><\/p>\n<p align=\"LEFT\"><span style=\"color: #000000;\"><span style=\"font-family: Arial, sans-serif;\"><span style=\"font-size: medium;\">D\u00e9couvrez ce savon au parfum frais et aux notes de tarte au citrons.<br \/>\n<\/span><\/span><\/span><\/p>\n<p>&nbsp;<\/p>\n<p align=\"LEFT\"><span style=\"color: #000000;\"><span style=\"font-family: Arial, sans-serif;\"><span style=\"font-size: medium;\">\u00a0<\/span><\/span><\/span><\/p>","protected":false},"featured_media":4147,"template":"","meta":[],"product_brand":[],"product_cat":[27,55,78],"product_tag":[],"class_list":{"0":"post-4054","1":"product","2":"type-product","3":"status-publish","4":"has-post-thumbnail","6":"product_cat-bien-etre","7":"product_cat-savon","8":"product_cat-savon-au-lait-de-chevre","10":"first","11":"outofstock","12":"shipping-taxable","13":"purchasable","14":"product-type-simple"},"_links":{"self":[{"href":"https:\/\/1001vertus.com\/es\/wp-json\/wp\/v2\/product\/4054","targetHints":{"allow":["GET"]}}],"collection":[{"href":"https:\/\/1001vertus.com\/es\/wp-json\/wp\/v2\/product"}],"about":[{"href":"https:\/\/1001vertus.com\/es\/wp-json\/wp\/v2\/types\/product"}],"wp:featuredmedia":[{"embeddable":true,"href":"https:\/\/1001vertus.com\/es\/wp-json\/wp\/v2\/media\/4147"}],"wp:attachment":[{"href":"https:\/\/1001vertus.com\/es\/wp-json\/wp\/v2\/media?parent=4054"}],"wp:term":[{"taxonomy":"product_brand","embeddable":true,"href":"https:\/\/1001vertus.com\/es\/wp-json\/wp\/v2\/product_brand?post=4054"},{"taxonomy":"product_cat","embeddable":true,"href":"https:\/\/1001vertus.com\/es\/wp-json\/wp\/v2\/product_cat?post=4054"},{"taxonomy":"product_tag","embeddable":true,"href":"https:\/\/1001vertus.com\/es\/wp-json\/wp\/v2\/product_tag?post=4054"}],"curies":[{"name":"wp","href":"https:\/\/api.w.org\/{rel}","templated":true}]}}